{"id":886,"date":"2022-07-29T09:56:56","date_gmt":"2022-07-29T07:56:56","guid":{"rendered":"https:\/\/sagardeche.fr\/wordpress\/?page_id=886"},"modified":"2024-12-31T16:24:05","modified_gmt":"2024-12-31T15:24:05","slug":"liste-des-communes-actuelles","status":"publish","type":"page","link":"https:\/\/sagardeche.fr\/wordpress\/index.php\/liste-des-communes-actuelles\/","title":{"rendered":"Liste des communes actuelles"},"content":{"rendered":"<center><h2>Liste des communes d'Ard\u00e8che<\/h2><table border=2><i>Cliquez sur la commune pour avoir sa position<\/i><td><a href=\/wordpress\/index.php\/affiche_commune\/?com=Accons>Accons<\/a><\/td><td><a href=\/wordpress\/index.php\/affiche_commune\/?com=Ailhon>Ailhon<\/a><\/td><td><a href=\/wordpress\/index.php\/affiche_commune\/?com=Aizac>Aizac<\/a><\/td><td><a href=\/wordpress\/index.php\/affiche_commune\/?com=Ajoux>Ajoux<\/a><\/td><tr><td><a href=\/wordpress\/index.php\/affiche_commune\/?com=Alba-la-Romaine>Alba-la-Romaine<\/a><\/td><td><a href=\/wordpress\/index.php\/affiche_commune\/?com=Albon-d%27Ard%C3%A8che>Albon-d'Ard\u00e8che<\/a><\/td><td><a href=\/wordpress\/index.php\/affiche_commune\/?com=Alboussi%C3%A8re>Alboussi\u00e8re<\/a><\/td><td><a href=\/wordpress\/index.php\/affiche_commune\/?com=Alissas>Alissas<\/a><\/td><tr><td><a href=\/wordpress\/index.php\/affiche_commune\/?com=Andance>Andance<\/a><\/td><td><a href=\/wordpress\/index.php\/affiche_commune\/?com=Annonay>Annonay<\/a><\/td><td><a href=\/wordpress\/index.php\/affiche_commune\/?com=Antraigues-sur-Volane>Antraigues-sur-Volane<\/a><\/td><td><a href=\/wordpress\/index.php\/affiche_commune\/?com=Arcens>Arcens<\/a><\/td><tr><td><a href=\/wordpress\/index.php\/affiche_commune\/?com=Ardoix>Ardoix<\/a><\/td><td><a href=\/wordpress\/index.php\/affiche_commune\/?com=Arlebosc>Arlebosc<\/a><\/td><td><a href=\/wordpress\/index.php\/affiche_commune\/?com=Arras-sur-Rh%C3%B4ne>Arras-sur-Rh\u00f4ne<\/a><\/td><td><a href=\/wordpress\/index.php\/affiche_commune\/?com=Asperjoc>Asperjoc<\/a><\/td><tr><td><a href=\/wordpress\/index.php\/affiche_commune\/?com=Astet>Astet<\/a><\/td><td><a href=\/wordpress\/index.php\/affiche_commune\/?com=Aubenas>Aubenas<\/a><\/td><td><a href=\/wordpress\/index.php\/affiche_commune\/?com=Aubignas>Aubignas<\/a><\/td><td><a href=\/wordpress\/index.php\/affiche_commune\/?com=Auriolles>Auriolles<\/a><\/td><tr><td><a href=\/wordpress\/index.php\/affiche_commune\/?com=Baix>Baix<\/a><\/td><td><a href=\/wordpress\/index.php\/affiche_commune\/?com=Balazuc>Balazuc<\/a><\/td><td><a href=\/wordpress\/index.php\/affiche_commune\/?com=Banne>Banne<\/a><\/td><td><a href=\/wordpress\/index.php\/affiche_commune\/?com=Barnas>Barnas<\/a><\/td><tr><td><a href=\/wordpress\/index.php\/affiche_commune\/?com=Beauchastel>Beauchastel<\/a><\/td><td><a href=\/wordpress\/index.php\/affiche_commune\/?com=Beaulieu>Beaulieu<\/a><\/td><td><a href=\/wordpress\/index.php\/affiche_commune\/?com=Beaumont>Beaumont<\/a><\/td><td><a href=\/wordpress\/index.php\/affiche_commune\/?com=Beauv%C3%A8ne>Beauv\u00e8ne<\/a><\/td><tr><td><a href=\/wordpress\/index.php\/affiche_commune\/?com=Belsentes>Belsentes<\/a><\/td><td><a href=\/wordpress\/index.php\/affiche_commune\/?com=Berrias>Berrias<\/a><\/td><td><a href=\/wordpress\/index.php\/affiche_commune\/?com=Berrias-et-Casteljau>Berrias-et-Casteljau<\/a><\/td><td><a href=\/wordpress\/index.php\/affiche_commune\/?com=Berz%C3%A8me>Berz\u00e8me<\/a><\/td><tr><td><a href=\/wordpress\/index.php\/affiche_commune\/?com=Bessas>Bessas<\/a><\/td><td><a href=\/wordpress\/index.php\/affiche_commune\/?com=Bidon>Bidon<\/a><\/td><td><a href=\/wordpress\/index.php\/affiche_commune\/?com=Boffres>Boffres<\/a><\/td><td><a href=\/wordpress\/index.php\/affiche_commune\/?com=Bogy>Bogy<\/a><\/td><tr><td><a href=\/wordpress\/index.php\/affiche_commune\/?com=Bor%C3%A9e>Bor\u00e9e<\/a><\/td><td><a href=\/wordpress\/index.php\/affiche_commune\/?com=Borne>Borne<\/a><\/td><td><a href=\/wordpress\/index.php\/affiche_commune\/?com=Boucieu-le-Roi>Boucieu-le-Roi<\/a><\/td><td><a href=\/wordpress\/index.php\/affiche_commune\/?com=Boulieu-l%C3%A8s-Annonay>Boulieu-l\u00e8s-Annonay<\/a><\/td><tr><td><a href=\/wordpress\/index.php\/affiche_commune\/?com=Bourg-Saint-And%C3%A9ol>Bourg-Saint-And\u00e9ol<\/a><\/td><td><a href=\/wordpress\/index.php\/affiche_commune\/?com=Bozas>Bozas<\/a><\/td><td><a href=\/wordpress\/index.php\/affiche_commune\/?com=Brahic>Brahic<\/a><\/td><td><a href=\/wordpress\/index.php\/affiche_commune\/?com=Brossainc>Brossainc<\/a><\/td><tr><td><a href=\/wordpress\/index.php\/affiche_commune\/?com=Burzet>Burzet<\/a><\/td><td><a href=\/wordpress\/index.php\/affiche_commune\/?com=Cellier-du-Luc>Cellier-du-Luc<\/a><\/td><td><a href=\/wordpress\/index.php\/affiche_commune\/?com=Chalencon>Chalencon<\/a><\/td><td><a href=\/wordpress\/index.php\/affiche_commune\/?com=Chambonas>Chambonas<\/a><\/td><tr><td><a href=\/wordpress\/index.php\/affiche_commune\/?com=Champagne>Champagne<\/a><\/td><td><a href=\/wordpress\/index.php\/affiche_commune\/?com=Champis>Champis<\/a><\/td><td><a href=\/wordpress\/index.php\/affiche_commune\/?com=Chandolas>Chandolas<\/a><\/td><td><a href=\/wordpress\/index.php\/affiche_commune\/?com=Chan%C3%A9ac>Chan\u00e9ac<\/a><\/td><tr><td><a href=\/wordpress\/index.php\/affiche_commune\/?com=Charmes-sur-Rh%C3%B4ne>Charmes-sur-Rh\u00f4ne<\/a><\/td><td><a href=\/wordpress\/index.php\/affiche_commune\/?com=Charnas>Charnas<\/a><\/td><td><a href=\/wordpress\/index.php\/affiche_commune\/?com=Chassagnes>Chassagnes<\/a><\/td><td><a href=\/wordpress\/index.php\/affiche_commune\/?com=Chassiers>Chassiers<\/a><\/td><tr><td><a href=\/wordpress\/index.php\/affiche_commune\/?com=Ch%C3%A2teaubourg>Ch\u00e2teaubourg<\/a><\/td><td><a href=\/wordpress\/index.php\/affiche_commune\/?com=Ch%C3%A2teauneuf-de-Vernoux>Ch\u00e2teauneuf-de-Vernoux<\/a><\/td><td><a href=\/wordpress\/index.php\/affiche_commune\/?com=Chauzon>Chauzon<\/a><\/td><td><a href=\/wordpress\/index.php\/affiche_commune\/?com=Chazeaux>Chazeaux<\/a><\/td><tr><td><a href=\/wordpress\/index.php\/affiche_commune\/?com=Cheminas>Cheminas<\/a><\/td><td><a href=\/wordpress\/index.php\/affiche_commune\/?com=Chirols>Chirols<\/a><\/td><td><a href=\/wordpress\/index.php\/affiche_commune\/?com=Chom%C3%A9rac>Chom\u00e9rac<\/a><\/td><td><a href=\/wordpress\/index.php\/affiche_commune\/?com=Colombier-le-Cardinal>Colombier-le-Cardinal<\/a><\/td><tr><td><a href=\/wordpress\/index.php\/affiche_commune\/?com=Colombier-le-Jeune>Colombier-le-Jeune<\/a><\/td><td><a href=\/wordpress\/index.php\/affiche_commune\/?com=Colombier-le-Vieux>Colombier-le-Vieux<\/a><\/td><td><a href=\/wordpress\/index.php\/affiche_commune\/?com=Cornas>Cornas<\/a><\/td><td><a href=\/wordpress\/index.php\/affiche_commune\/?com=Coucouron>Coucouron<\/a><\/td><tr><td><a href=\/wordpress\/index.php\/affiche_commune\/?com=Coux>Coux<\/a><\/td><td><a href=\/wordpress\/index.php\/affiche_commune\/?com=Creysseilles>Creysseilles<\/a><\/td><td><a href=\/wordpress\/index.php\/affiche_commune\/?com=Cros-de-G%C3%A9orand>Cros-de-G\u00e9orand<\/a><\/td><td><a href=\/wordpress\/index.php\/affiche_commune\/?com=Cruas>Cruas<\/a><\/td><tr><td><a href=\/wordpress\/index.php\/affiche_commune\/?com=Darbres>Darbres<\/a><\/td><td><a href=\/wordpress\/index.php\/affiche_commune\/?com=Dav%C3%A9zieux>Dav\u00e9zieux<\/a><\/td><td><a href=\/wordpress\/index.php\/affiche_commune\/?com=D%C3%A9saignes>D\u00e9saignes<\/a><\/td><td><a href=\/wordpress\/index.php\/affiche_commune\/?com=Devesset>Devesset<\/a><\/td><tr><td><a href=\/wordpress\/index.php\/affiche_commune\/?com=Dompnac>Dompnac<\/a><\/td><td><a href=\/wordpress\/index.php\/affiche_commune\/?com=Dornas>Dornas<\/a><\/td><td><a href=\/wordpress\/index.php\/affiche_commune\/?com=Duni%C3%A8re-sur-Eyrieux>Duni\u00e8re-sur-Eyrieux<\/a><\/td><td><a href=\/wordpress\/index.php\/affiche_commune\/?com=Eclassan>Eclassan<\/a><\/td><tr><td><a href=\/wordpress\/index.php\/affiche_commune\/?com=Empurany>Empurany<\/a><\/td><td><a href=\/wordpress\/index.php\/affiche_commune\/?com=%C3%89tables>\u00c9tables<\/a><\/td><td><a href=\/wordpress\/index.php\/affiche_commune\/?com=Fabras>Fabras<\/a><\/td><td><a href=\/wordpress\/index.php\/affiche_commune\/?com=Faug%C3%A8res>Faug\u00e8res<\/a><\/td><tr><td><a href=\/wordpress\/index.php\/affiche_commune\/?com=F%C3%A9lines>F\u00e9lines<\/a><\/td><td><a href=\/wordpress\/index.php\/affiche_commune\/?com=Flaviac>Flaviac<\/a><\/td><td><a href=\/wordpress\/index.php\/affiche_commune\/?com=Fons>Fons<\/a><\/td><td><a href=\/wordpress\/index.php\/affiche_commune\/?com=Freyssenet>Freyssenet<\/a><\/td><tr><td><a href=\/wordpress\/index.php\/affiche_commune\/?com=Genestelle>Genestelle<\/a><\/td><td><a href=\/wordpress\/index.php\/affiche_commune\/?com=Gilhac-et-Bruzac>Gilhac-et-Bruzac<\/a><\/td><td><a href=\/wordpress\/index.php\/affiche_commune\/?com=Gilhoc-sur-Orm%C3%A8ze>Gilhoc-sur-Orm\u00e8ze<\/a><\/td><td><a href=\/wordpress\/index.php\/affiche_commune\/?com=Gluiras>Gluiras<\/a><\/td><tr><td><a href=\/wordpress\/index.php\/affiche_commune\/?com=Glun>Glun<\/a><\/td><td><a href=\/wordpress\/index.php\/affiche_commune\/?com=Gourdon>Gourdon<\/a><\/td><td><a href=\/wordpress\/index.php\/affiche_commune\/?com=Gras>Gras<\/a><\/td><td><a href=\/wordpress\/index.php\/affiche_commune\/?com=Gravi%C3%A8res>Gravi\u00e8res<\/a><\/td><tr><td><a href=\/wordpress\/index.php\/affiche_commune\/?com=Grospierres>Grospierres<\/a><\/td><td><a href=\/wordpress\/index.php\/affiche_commune\/?com=Guilherand-Granges>Guilherand-Granges<\/a><\/td><td><a href=\/wordpress\/index.php\/affiche_commune\/?com=Intres>Intres<\/a><\/td><td><a href=\/wordpress\/index.php\/affiche_commune\/?com=Issamoulenc>Issamoulenc<\/a><\/td><tr><td><a href=\/wordpress\/index.php\/affiche_commune\/?com=Issanlas>Issanlas<\/a><\/td><td><a href=\/wordpress\/index.php\/affiche_commune\/?com=Issarl%C3%A8s>Issarl\u00e8s<\/a><\/td><td><a href=\/wordpress\/index.php\/affiche_commune\/?com=Jaujac>Jaujac<\/a><\/td><td><a href=\/wordpress\/index.php\/affiche_commune\/?com=Jaunac>Jaunac<\/a><\/td><tr><td><a href=\/wordpress\/index.php\/affiche_commune\/?com=Joannas>Joannas<\/a><\/td><td><a href=\/wordpress\/index.php\/affiche_commune\/?com=Joyeuse>Joyeuse<\/a><\/td><td><a href=\/wordpress\/index.php\/affiche_commune\/?com=Juvinas>Juvinas<\/a><\/td><td><a href=\/wordpress\/index.php\/affiche_commune\/?com=La+Rochette>La Rochette<\/a><\/td><tr><td><a href=\/wordpress\/index.php\/affiche_commune\/?com=La+Souche>La Souche<\/a><\/td><td><a href=\/wordpress\/index.php\/affiche_commune\/?com=La+Voulte-sur-Rh%C3%B4ne>La Voulte-sur-Rh\u00f4ne<\/a><\/td><td><a href=\/wordpress\/index.php\/affiche_commune\/?com=Labastide-de-Juvinas>Labastide-de-Juvinas<\/a><\/td><td><a href=\/wordpress\/index.php\/affiche_commune\/?com=Labastide-de-Virac>Labastide-de-Virac<\/a><\/td><tr><td><a href=\/wordpress\/index.php\/affiche_commune\/?com=Labastide-sur-B%C3%A9sorgues>Labastide-sur-B\u00e9sorgues<\/a><\/td><td><a href=\/wordpress\/index.php\/affiche_commune\/?com=Labatie-d%27Andaure>Labatie-d'Andaure<\/a><\/td><td><a href=\/wordpress\/index.php\/affiche_commune\/?com=Labeaume>Labeaume<\/a><\/td><td><a href=\/wordpress\/index.php\/affiche_commune\/?com=Lab%C3%A9gude>Lab\u00e9gude<\/a><\/td><tr><td><a href=\/wordpress\/index.php\/affiche_commune\/?com=Lablach%C3%A8re>Lablach\u00e8re<\/a><\/td><td><a href=\/wordpress\/index.php\/affiche_commune\/?com=Laboule>Laboule<\/a><\/td><td><a href=\/wordpress\/index.php\/affiche_commune\/?com=Lachamp-Rapha%C3%ABl>Lachamp-Rapha\u00ebl<\/a><\/td><td><a href=\/wordpress\/index.php\/affiche_commune\/?com=Lachapelle-Graillouse>Lachapelle-Graillouse<\/a><\/td><tr><td><a href=\/wordpress\/index.php\/affiche_commune\/?com=Lachapelle-sous-Aubenas>Lachapelle-sous-Aubenas<\/a><\/td><td><a href=\/wordpress\/index.php\/affiche_commune\/?com=Lachapelle-sous-Chan%C3%A9ac>Lachapelle-sous-Chan\u00e9ac<\/a><\/td><td><a href=\/wordpress\/index.php\/affiche_commune\/?com=Lafarre>Lafarre<\/a><\/td><td><a href=\/wordpress\/index.php\/affiche_commune\/?com=Lafig%C3%A8re>Lafig\u00e8re<\/a><\/td><tr><td><a href=\/wordpress\/index.php\/affiche_commune\/?com=Lagorce>Lagorce<\/a><\/td><td><a href=\/wordpress\/index.php\/affiche_commune\/?com=Lalevade-d%27Ard%C3%A8che>Lalevade-d'Ard\u00e8che<\/a><\/td><td><a href=\/wordpress\/index.php\/affiche_commune\/?com=Lalouvesc>Lalouvesc<\/a><\/td><td><a href=\/wordpress\/index.php\/affiche_commune\/?com=Lamastre>Lamastre<\/a><\/td><tr><td><a href=\/wordpress\/index.php\/affiche_commune\/?com=Lanarce>Lanarce<\/a><\/td><td><a href=\/wordpress\/index.php\/affiche_commune\/?com=Lanas>Lanas<\/a><\/td><td><a href=\/wordpress\/index.php\/affiche_commune\/?com=Largenti%C3%A8re>Largenti\u00e8re<\/a><\/td><td><a href=\/wordpress\/index.php\/affiche_commune\/?com=Larnas>Larnas<\/a><\/td><tr><td><a href=\/wordpress\/index.php\/affiche_commune\/?com=Laurac-en-Vivarais>Laurac-en-Vivarais<\/a><\/td><td><a href=\/wordpress\/index.php\/affiche_commune\/?com=Laval-d%27Aurelle>Laval-d'Aurelle<\/a><\/td><td><a href=\/wordpress\/index.php\/affiche_commune\/?com=Laveyrune>Laveyrune<\/a><\/td><td><a href=\/wordpress\/index.php\/affiche_commune\/?com=Lavillatte>Lavillatte<\/a><\/td><tr><td><a href=\/wordpress\/index.php\/affiche_commune\/?com=Lavilledieu>Lavilledieu<\/a><\/td><td><a href=\/wordpress\/index.php\/affiche_commune\/?com=Laviolle>Laviolle<\/a><\/td><td><a href=\/wordpress\/index.php\/affiche_commune\/?com=Le+B%C3%A9age>Le B\u00e9age<\/a><\/td><td><a href=\/wordpress\/index.php\/affiche_commune\/?com=Le+Chambon>Le Chambon<\/a><\/td><tr><td><a href=\/wordpress\/index.php\/affiche_commune\/?com=Le+Cheylard>Le Cheylard<\/a><\/td><td><a href=\/wordpress\/index.php\/affiche_commune\/?com=Le+Crestet>Le Crestet<\/a><\/td><td><a href=\/wordpress\/index.php\/affiche_commune\/?com=Le+Lac-d%27Issarl%C3%A8s>Le Lac-d'Issarl\u00e8s<\/a><\/td><td><a href=\/wordpress\/index.php\/affiche_commune\/?com=Le+Plagnal>Le Plagnal<\/a><\/td><tr><td><a href=\/wordpress\/index.php\/affiche_commune\/?com=Le+Pouzin>Le Pouzin<\/a><\/td><td><a href=\/wordpress\/index.php\/affiche_commune\/?com=Le+Roux>Le Roux<\/a><\/td><td><a href=\/wordpress\/index.php\/affiche_commune\/?com=Le+Teil>Le Teil<\/a><\/td><td><a href=\/wordpress\/index.php\/affiche_commune\/?com=Lemps>Lemps<\/a><\/td><tr><td><a href=\/wordpress\/index.php\/affiche_commune\/?com=Lentill%C3%A8res>Lentill\u00e8res<\/a><\/td><td><a href=\/wordpress\/index.php\/affiche_commune\/?com=Les+Assions>Les Assions<\/a><\/td><td><a href=\/wordpress\/index.php\/affiche_commune\/?com=Les+Noni%C3%A8res>Les Noni\u00e8res<\/a><\/td><td><a href=\/wordpress\/index.php\/affiche_commune\/?com=Les+Olli%C3%A8res-sur-Eyrieux>Les Olli\u00e8res-sur-Eyrieux<\/a><\/td><tr><td><a href=\/wordpress\/index.php\/affiche_commune\/?com=Les+Salelles>Les Salelles<\/a><\/td><td><a href=\/wordpress\/index.php\/affiche_commune\/?com=Les+Vans>Les Vans<\/a><\/td><td><a href=\/wordpress\/index.php\/affiche_commune\/?com=Lesp%C3%A9ron>Lesp\u00e9ron<\/a><\/td><td><a href=\/wordpress\/index.php\/affiche_commune\/?com=Limony>Limony<\/a><\/td><tr><td><a href=\/wordpress\/index.php\/affiche_commune\/?com=Loubaresse>Loubaresse<\/a><\/td><td><a href=\/wordpress\/index.php\/affiche_commune\/?com=Lussas>Lussas<\/a><\/td><td><a href=\/wordpress\/index.php\/affiche_commune\/?com=Lyas>Lyas<\/a><\/td><td><a href=\/wordpress\/index.php\/affiche_commune\/?com=Malarce>Malarce<\/a><\/td><tr><td><a href=\/wordpress\/index.php\/affiche_commune\/?com=Malarce-sur-la-Thines>Malarce-sur-la-Thines<\/a><\/td><td><a href=\/wordpress\/index.php\/affiche_commune\/?com=Malbosc>Malbosc<\/a><\/td><td><a href=\/wordpress\/index.php\/affiche_commune\/?com=Marcols-les-Eaux>Marcols-les-Eaux<\/a><\/td><td><a href=\/wordpress\/index.php\/affiche_commune\/?com=Mariac>Mariac<\/a><\/td><tr><td><a href=\/wordpress\/index.php\/affiche_commune\/?com=Mars>Mars<\/a><\/td><td><a href=\/wordpress\/index.php\/affiche_commune\/?com=Mauves>Mauves<\/a><\/td><td><a href=\/wordpress\/index.php\/affiche_commune\/?com=Mayres>Mayres<\/a><\/td><td><a href=\/wordpress\/index.php\/affiche_commune\/?com=Mazan-l%27Abbaye>Mazan-l'Abbaye<\/a><\/td><tr><td><a href=\/wordpress\/index.php\/affiche_commune\/?com=Mercuer>Mercuer<\/a><\/td><td><a href=\/wordpress\/index.php\/affiche_commune\/?com=Meyras>Meyras<\/a><\/td><td><a href=\/wordpress\/index.php\/affiche_commune\/?com=Meysse>Meysse<\/a><\/td><td><a href=\/wordpress\/index.php\/affiche_commune\/?com=M%C3%A9zilhac>M\u00e9zilhac<\/a><\/td><tr><td><a href=\/wordpress\/index.php\/affiche_commune\/?com=Mirabel>Mirabel<\/a><\/td><td><a href=\/wordpress\/index.php\/affiche_commune\/?com=Monestier>Monestier<\/a><\/td><td><a href=\/wordpress\/index.php\/affiche_commune\/?com=Montpezat-sous-Bauzon>Montpezat-sous-Bauzon<\/a><\/td><td><a href=\/wordpress\/index.php\/affiche_commune\/?com=Montr%C3%A9al>Montr\u00e9al<\/a><\/td><tr><td><a href=\/wordpress\/index.php\/affiche_commune\/?com=Montselgues>Montselgues<\/a><\/td><td><a href=\/wordpress\/index.php\/affiche_commune\/?com=Naves>Naves<\/a><\/td><td><a href=\/wordpress\/index.php\/affiche_commune\/?com=Nieigles>Nieigles<\/a><\/td><td><a href=\/wordpress\/index.php\/affiche_commune\/?com=Nozi%C3%A8res>Nozi\u00e8res<\/a><\/td><tr><td><a href=\/wordpress\/index.php\/affiche_commune\/?com=Orgnac-l%27Aven>Orgnac-l'Aven<\/a><\/td><td><a href=\/wordpress\/index.php\/affiche_commune\/?com=Ozon>Ozon<\/a><\/td><td><a href=\/wordpress\/index.php\/affiche_commune\/?com=Pailhar%C3%A8s>Pailhar\u00e8s<\/a><\/td><td><a href=\/wordpress\/index.php\/affiche_commune\/?com=Payzac>Payzac<\/a><\/td><tr><td><a href=\/wordpress\/index.php\/affiche_commune\/?com=Peaugres>Peaugres<\/a><\/td><td><a href=\/wordpress\/index.php\/affiche_commune\/?com=P%C3%A9reyres>P\u00e9reyres<\/a><\/td><td><a href=\/wordpress\/index.php\/affiche_commune\/?com=Peyraud>Peyraud<\/a><\/td><td><a href=\/wordpress\/index.php\/affiche_commune\/?com=Planzolles>Planzolles<\/a><\/td><tr><td><a href=\/wordpress\/index.php\/affiche_commune\/?com=Plats>Plats<\/a><\/td><td><a href=\/wordpress\/index.php\/affiche_commune\/?com=Pont-de-Labeaume>Pont-de-Labeaume<\/a><\/td><td><a href=\/wordpress\/index.php\/affiche_commune\/?com=Pourch%C3%A8res>Pourch\u00e8res<\/a><\/td><td><a href=\/wordpress\/index.php\/affiche_commune\/?com=Prades>Prades<\/a><\/td><tr><td><a href=\/wordpress\/index.php\/affiche_commune\/?com=Pradons>Pradons<\/a><\/td><td><a href=\/wordpress\/index.php\/affiche_commune\/?com=Pranles>Pranles<\/a><\/td><td><a href=\/wordpress\/index.php\/affiche_commune\/?com=Pr%C3%A9aux>Pr\u00e9aux<\/a><\/td><td><a href=\/wordpress\/index.php\/affiche_commune\/?com=Privas>Privas<\/a><\/td><tr><td><a href=\/wordpress\/index.php\/affiche_commune\/?com=Prunet>Prunet<\/a><\/td><td><a href=\/wordpress\/index.php\/affiche_commune\/?com=Quintenas>Quintenas<\/a><\/td><td><a href=\/wordpress\/index.php\/affiche_commune\/?com=Ribes>Ribes<\/a><\/td><td><a href=\/wordpress\/index.php\/affiche_commune\/?com=Rochecolombe>Rochecolombe<\/a><\/td><tr><td><a href=\/wordpress\/index.php\/affiche_commune\/?com=Rochemaure>Rochemaure<\/a><\/td><td><a href=\/wordpress\/index.php\/affiche_commune\/?com=Rochepaule>Rochepaule<\/a><\/td><td><a href=\/wordpress\/index.php\/affiche_commune\/?com=Rocher>Rocher<\/a><\/td><td><a href=\/wordpress\/index.php\/affiche_commune\/?com=Rochessauve>Rochessauve<\/a><\/td><tr><td><a href=\/wordpress\/index.php\/affiche_commune\/?com=Rocles>Rocles<\/a><\/td><td><a href=\/wordpress\/index.php\/affiche_commune\/?com=Roiffieux>Roiffieux<\/a><\/td><td><a href=\/wordpress\/index.php\/affiche_commune\/?com=Rompon>Rompon<\/a><\/td><td><a href=\/wordpress\/index.php\/affiche_commune\/?com=Rosi%C3%A8res>Rosi\u00e8res<\/a><\/td><tr><td><a href=\/wordpress\/index.php\/affiche_commune\/?com=Ruoms>Ruoms<\/a><\/td><td><a href=\/wordpress\/index.php\/affiche_commune\/?com=Sabli%C3%A8res>Sabli\u00e8res<\/a><\/td><td><a href=\/wordpress\/index.php\/affiche_commune\/?com=Sagnes-et-Goudoulet>Sagnes-et-Goudoulet<\/a><\/td><td><a href=\/wordpress\/index.php\/affiche_commune\/?com=Saint-Agr%C3%A8ve>Saint-Agr\u00e8ve<\/a><\/td><tr><td><a href=\/wordpress\/index.php\/affiche_commune\/?com=Saint-Alban-Auriolles>Saint-Alban-Auriolles<\/a><\/td><td><a href=\/wordpress\/index.php\/affiche_commune\/?com=Saint-Alban-d%27Ay>Saint-Alban-d'Ay<\/a><\/td><td><a href=\/wordpress\/index.php\/affiche_commune\/?com=Saint-Alban-en-Montagne>Saint-Alban-en-Montagne<\/a><\/td><td><a href=\/wordpress\/index.php\/affiche_commune\/?com=Saint-Alban-sous-Sampzon>Saint-Alban-sous-Sampzon<\/a><\/td><tr><td><a href=\/wordpress\/index.php\/affiche_commune\/?com=Saint-And%C3%A9ol-de-Berg>Saint-And\u00e9ol-de-Berg<\/a><\/td><td><a href=\/wordpress\/index.php\/affiche_commune\/?com=Saint-And%C3%A9ol-de-Bourlenc>Saint-And\u00e9ol-de-Bourlenc<\/a><\/td><td><a href=\/wordpress\/index.php\/affiche_commune\/?com=Saint-And%C3%A9ol-de-Fourchades>Saint-And\u00e9ol-de-Fourchades<\/a><\/td><td><a href=\/wordpress\/index.php\/affiche_commune\/?com=Saint-And%C3%A9ol-de-Vals>Saint-And\u00e9ol-de-Vals<\/a><\/td><tr><td><a href=\/wordpress\/index.php\/affiche_commune\/?com=Saint-Andr%C3%A9-de-Cruzi%C3%A8res>Saint-Andr\u00e9-de-Cruzi\u00e8res<\/a><\/td><td><a href=\/wordpress\/index.php\/affiche_commune\/?com=Saint-Andr%C3%A9-en-Vivarais>Saint-Andr\u00e9-en-Vivarais<\/a><\/td><td><a href=\/wordpress\/index.php\/affiche_commune\/?com=Saint-Andr%C3%A9-Lachamp>Saint-Andr\u00e9-Lachamp<\/a><\/td><td><a href=\/wordpress\/index.php\/affiche_commune\/?com=Saint-Apollinaire-de-Rias>Saint-Apollinaire-de-Rias<\/a><\/td><tr><td><a href=\/wordpress\/index.php\/affiche_commune\/?com=Saint-Barth%C3%A9lemy-Grozon>Saint-Barth\u00e9lemy-Grozon<\/a><\/td><td><a href=\/wordpress\/index.php\/affiche_commune\/?com=Saint-Barth%C3%A9lemy-le-Meil>Saint-Barth\u00e9lemy-le-Meil<\/a><\/td><td><a href=\/wordpress\/index.php\/affiche_commune\/?com=Saint-Barth%C3%A9lemy-le-Pin>Saint-Barth\u00e9lemy-le-Pin<\/a><\/td><td><a href=\/wordpress\/index.php\/affiche_commune\/?com=Saint-Barth%C3%A9lemy-le-Plain>Saint-Barth\u00e9lemy-le-Plain<\/a><\/td><tr><td><a href=\/wordpress\/index.php\/affiche_commune\/?com=Saint-Basile>Saint-Basile<\/a><\/td><td><a href=\/wordpress\/index.php\/affiche_commune\/?com=Saint-Bauzile>Saint-Bauzile<\/a><\/td><td><a href=\/wordpress\/index.php\/affiche_commune\/?com=Saint-Christol>Saint-Christol<\/a><\/td><td><a href=\/wordpress\/index.php\/affiche_commune\/?com=Saint-Cierge-la-Serre>Saint-Cierge-la-Serre<\/a><\/td><tr><td><a href=\/wordpress\/index.php\/affiche_commune\/?com=Saint-Cierge-sous-le-Cheylard>Saint-Cierge-sous-le-Cheylard<\/a><\/td><td><a href=\/wordpress\/index.php\/affiche_commune\/?com=Saint-Cirgues-de-Prades>Saint-Cirgues-de-Prades<\/a><\/td><td><a href=\/wordpress\/index.php\/affiche_commune\/?com=Saint-Cirgues-en-Montagne>Saint-Cirgues-en-Montagne<\/a><\/td><td><a href=\/wordpress\/index.php\/affiche_commune\/?com=Saint-Clair>Saint-Clair<\/a><\/td><tr><td><a href=\/wordpress\/index.php\/affiche_commune\/?com=Saint-Cl%C3%A9ment>Saint-Cl\u00e9ment<\/a><\/td><td><a href=\/wordpress\/index.php\/affiche_commune\/?com=Saint-Cyr>Saint-Cyr<\/a><\/td><td><a href=\/wordpress\/index.php\/affiche_commune\/?com=Saint-D%C3%A9sirat>Saint-D\u00e9sirat<\/a><\/td><td><a href=\/wordpress\/index.php\/affiche_commune\/?com=Saint-Didier-sous-Aubenas>Saint-Didier-sous-Aubenas<\/a><\/td><tr><td><a href=\/wordpress\/index.php\/affiche_commune\/?com=Saint-%C3%89tienne-de-Boulogne>Saint-\u00c9tienne-de-Boulogne<\/a><\/td><td><a href=\/wordpress\/index.php\/affiche_commune\/?com=Saint-%C3%89tienne-de-Fontbellon>Saint-\u00c9tienne-de-Fontbellon<\/a><\/td><td><a href=\/wordpress\/index.php\/affiche_commune\/?com=Saint-%C3%89tienne-de-Lugdar%C3%A8s>Saint-\u00c9tienne-de-Lugdar\u00e8s<\/a><\/td><td><a href=\/wordpress\/index.php\/affiche_commune\/?com=Saint-%C3%89tienne-de-Serre>Saint-\u00c9tienne-de-Serre<\/a><\/td><tr><td><a href=\/wordpress\/index.php\/affiche_commune\/?com=Saint-%C3%89tienne-de-Valoux>Saint-\u00c9tienne-de-Valoux<\/a><\/td><td><a href=\/wordpress\/index.php\/affiche_commune\/?com=Saint-F%C3%A9licien>Saint-F\u00e9licien<\/a><\/td><td><a href=\/wordpress\/index.php\/affiche_commune\/?com=Saint-Fortunat-sur-Eyrieux>Saint-Fortunat-sur-Eyrieux<\/a><\/td><td><a href=\/wordpress\/index.php\/affiche_commune\/?com=Saint-Genest-de-Beauzon>Saint-Genest-de-Beauzon<\/a><\/td><tr><td><a href=\/wordpress\/index.php\/affiche_commune\/?com=Saint-Genest-Lachamp>Saint-Genest-Lachamp<\/a><\/td><td><a href=\/wordpress\/index.php\/affiche_commune\/?com=Saint-Georges-les-Bains>Saint-Georges-les-Bains<\/a><\/td><td><a href=\/wordpress\/index.php\/affiche_commune\/?com=Saint-Germain>Saint-Germain<\/a><\/td><td><a href=\/wordpress\/index.php\/affiche_commune\/?com=Saint-Gineys-en-Coiron>Saint-Gineys-en-Coiron<\/a><\/td><tr><td><a href=\/wordpress\/index.php\/affiche_commune\/?com=Saint-Jacques-d%27Atticieux>Saint-Jacques-d'Atticieux<\/a><\/td><td><a href=\/wordpress\/index.php\/affiche_commune\/?com=Saint-Jean-Chambre>Saint-Jean-Chambre<\/a><\/td><td><a href=\/wordpress\/index.php\/affiche_commune\/?com=Saint-Jean-de-Muzols>Saint-Jean-de-Muzols<\/a><\/td><td><a href=\/wordpress\/index.php\/affiche_commune\/?com=Saint-Jean-de-Pourcharesse>Saint-Jean-de-Pourcharesse<\/a><\/td><tr><td><a href=\/wordpress\/index.php\/affiche_commune\/?com=Saint-Jean-le-Centenier>Saint-Jean-le-Centenier<\/a><\/td><td><a href=\/wordpress\/index.php\/affiche_commune\/?com=Saint-Jean-Roure>Saint-Jean-Roure<\/a><\/td><td><a href=\/wordpress\/index.php\/affiche_commune\/?com=Saint-Jeure-d%27Andaure>Saint-Jeure-d'Andaure<\/a><\/td><td><a href=\/wordpress\/index.php\/affiche_commune\/?com=Saint-Jeure-d%27Ay>Saint-Jeure-d'Ay<\/a><\/td><tr><td><a href=\/wordpress\/index.php\/affiche_commune\/?com=Saint-Joseph-des-Bancs>Saint-Joseph-des-Bancs<\/a><\/td><td><a href=\/wordpress\/index.php\/affiche_commune\/?com=Saint-Julien-Bouti%C3%A8res>Saint-Julien-Bouti\u00e8res<\/a><\/td><td><a href=\/wordpress\/index.php\/affiche_commune\/?com=Saint-Julien-d%27Intres>Saint-Julien-d'Intres<\/a><\/td><td><a href=\/wordpress\/index.php\/affiche_commune\/?com=Saint-Julien-du-Gua>Saint-Julien-du-Gua<\/a><\/td><tr><td><a href=\/wordpress\/index.php\/affiche_commune\/?com=Saint-Julien-du-Serre>Saint-Julien-du-Serre<\/a><\/td><td><a href=\/wordpress\/index.php\/affiche_commune\/?com=Saint-Julien-en-Saint-Alban>Saint-Julien-en-Saint-Alban<\/a><\/td><td><a href=\/wordpress\/index.php\/affiche_commune\/?com=Saint-Julien-Labrousse>Saint-Julien-Labrousse<\/a><\/td><td><a href=\/wordpress\/index.php\/affiche_commune\/?com=Saint-Julien-le-Roux>Saint-Julien-le-Roux<\/a><\/td><tr><td><a href=\/wordpress\/index.php\/affiche_commune\/?com=Saint-Julien-Vocance>Saint-Julien-Vocance<\/a><\/td><td><a href=\/wordpress\/index.php\/affiche_commune\/?com=Saint-Just-d%27Ard%C3%A8che>Saint-Just-d'Ard\u00e8che<\/a><\/td><td><a href=\/wordpress\/index.php\/affiche_commune\/?com=Saint-Lager-Bressac>Saint-Lager-Bressac<\/a><\/td><td><a href=\/wordpress\/index.php\/affiche_commune\/?com=Saint-Laurent-du-Pape>Saint-Laurent-du-Pape<\/a><\/td><tr><td><a href=\/wordpress\/index.php\/affiche_commune\/?com=Saint-Laurent-les-Bains>Saint-Laurent-les-Bains<\/a><\/td><td><a href=\/wordpress\/index.php\/affiche_commune\/?com=Saint-Laurent-les-Bains-Laval-d%27Aurelle>Saint-Laurent-les-Bains-Laval-d'Aurelle<\/a><\/td><td><a href=\/wordpress\/index.php\/affiche_commune\/?com=Saint-Laurent-sous-Coiron>Saint-Laurent-sous-Coiron<\/a><\/td><td><a href=\/wordpress\/index.php\/affiche_commune\/?com=Saint-Marcel-d%27Ard%C3%A8che>Saint-Marcel-d'Ard\u00e8che<\/a><\/td><tr><td><a href=\/wordpress\/index.php\/affiche_commune\/?com=Saint-Marcel-l%C3%A8s-Annonay>Saint-Marcel-l\u00e8s-Annonay<\/a><\/td><td><a href=\/wordpress\/index.php\/affiche_commune\/?com=Saint-Martial>Saint-Martial<\/a><\/td><td><a href=\/wordpress\/index.php\/affiche_commune\/?com=Saint-Martin-d%27Ard%C3%A8che>Saint-Martin-d'Ard\u00e8che<\/a><\/td><td><a href=\/wordpress\/index.php\/affiche_commune\/?com=Saint-Martin-de-Valamas>Saint-Martin-de-Valamas<\/a><\/td><tr><td><a href=\/wordpress\/index.php\/affiche_commune\/?com=Saint-Martin-l%27Inf%C3%A9rieur>Saint-Martin-l'Inf\u00e9rieur<\/a><\/td><td><a href=\/wordpress\/index.php\/affiche_commune\/?com=Saint-Martin-le-Sup%C3%A9rieur>Saint-Martin-le-Sup\u00e9rieur<\/a><\/td><td><a href=\/wordpress\/index.php\/affiche_commune\/?com=Saint-Martin-sur-Lavezon>Saint-Martin-sur-Lavezon<\/a><\/td><td><a href=\/wordpress\/index.php\/affiche_commune\/?com=Saint-Maurice-d%27Ard%C3%A8che>Saint-Maurice-d'Ard\u00e8che<\/a><\/td><tr><td><a href=\/wordpress\/index.php\/affiche_commune\/?com=Saint-Maurice-d%27Ibie>Saint-Maurice-d'Ibie<\/a><\/td><td><a href=\/wordpress\/index.php\/affiche_commune\/?com=Saint-Maurice-en-Chalencon>Saint-Maurice-en-Chalencon<\/a><\/td><td><a href=\/wordpress\/index.php\/affiche_commune\/?com=Saint-M%C3%A9lany>Saint-M\u00e9lany<\/a><\/td><td><a href=\/wordpress\/index.php\/affiche_commune\/?com=Saint-Michel-d%27Aurance>Saint-Michel-d'Aurance<\/a><\/td><tr><td><a href=\/wordpress\/index.php\/affiche_commune\/?com=Saint-Michel-de-Boulogne>Saint-Michel-de-Boulogne<\/a><\/td><td><a href=\/wordpress\/index.php\/affiche_commune\/?com=Saint-Michel-de-Chabrillanoux>Saint-Michel-de-Chabrillanoux<\/a><\/td><td><a href=\/wordpress\/index.php\/affiche_commune\/?com=Saint-Montan>Saint-Montan<\/a><\/td><td><a href=\/wordpress\/index.php\/affiche_commune\/?com=Saint-Paul-le-Jeune>Saint-Paul-le-Jeune<\/a><\/td><tr><td><a href=\/wordpress\/index.php\/affiche_commune\/?com=Saint-P%C3%A9ray>Saint-P\u00e9ray<\/a><\/td><td><a href=\/wordpress\/index.php\/affiche_commune\/?com=Saint-Pierre-de-Colombier>Saint-Pierre-de-Colombier<\/a><\/td><td><a href=\/wordpress\/index.php\/affiche_commune\/?com=Saint-Pierre-la-Roche>Saint-Pierre-la-Roche<\/a><\/td><td><a href=\/wordpress\/index.php\/affiche_commune\/?com=Saint-Pierre-le-D%C3%A9chausselat>Saint-Pierre-le-D\u00e9chausselat<\/a><\/td><tr><td><a href=\/wordpress\/index.php\/affiche_commune\/?com=Saint-Pierre-Saint-Jean>Saint-Pierre-Saint-Jean<\/a><\/td><td><a href=\/wordpress\/index.php\/affiche_commune\/?com=Saint-Pierre-sur-Doux>Saint-Pierre-sur-Doux<\/a><\/td><td><a href=\/wordpress\/index.php\/affiche_commune\/?com=Saint-Pierreville>Saint-Pierreville<\/a><\/td><td><a href=\/wordpress\/index.php\/affiche_commune\/?com=Saint-Pons>Saint-Pons<\/a><\/td><tr><td><a href=\/wordpress\/index.php\/affiche_commune\/?com=Saint-Priest>Saint-Priest<\/a><\/td><td><a href=\/wordpress\/index.php\/affiche_commune\/?com=Saint-Privat>Saint-Privat<\/a><\/td><td><a href=\/wordpress\/index.php\/affiche_commune\/?com=Saint-Prix>Saint-Prix<\/a><\/td><td><a href=\/wordpress\/index.php\/affiche_commune\/?com=Saint-Rem%C3%A8ze>Saint-Rem\u00e8ze<\/a><\/td><tr><td><a href=\/wordpress\/index.php\/affiche_commune\/?com=Saint-Romain-d%27Ay>Saint-Romain-d'Ay<\/a><\/td><td><a href=\/wordpress\/index.php\/affiche_commune\/?com=Saint-Romain-de-Lerps>Saint-Romain-de-Lerps<\/a><\/td><td><a href=\/wordpress\/index.php\/affiche_commune\/?com=Saint-Sauveur-de-Cruzi%C3%A8res>Saint-Sauveur-de-Cruzi\u00e8res<\/a><\/td><td><a href=\/wordpress\/index.php\/affiche_commune\/?com=Saint-Sauveur-de-Montagut>Saint-Sauveur-de-Montagut<\/a><\/td><tr><td><a href=\/wordpress\/index.php\/affiche_commune\/?com=Saint-Sernin>Saint-Sernin<\/a><\/td><td><a href=\/wordpress\/index.php\/affiche_commune\/?com=Saint-Sylvestre>Saint-Sylvestre<\/a><\/td><td><a href=\/wordpress\/index.php\/affiche_commune\/?com=Saint-Symphorien-de-Mahun>Saint-Symphorien-de-Mahun<\/a><\/td><td><a href=\/wordpress\/index.php\/affiche_commune\/?com=Saint-Symphorien-sous-Chom%C3%A9rac>Saint-Symphorien-sous-Chom\u00e9rac<\/a><\/td><tr><td><a href=\/wordpress\/index.php\/affiche_commune\/?com=Saint-Thom%C3%A9>Saint-Thom\u00e9<\/a><\/td><td><a href=\/wordpress\/index.php\/affiche_commune\/?com=Saint-Victor>Saint-Victor<\/a><\/td><td><a href=\/wordpress\/index.php\/affiche_commune\/?com=Saint-Vincent-de-Barr%C3%A8s>Saint-Vincent-de-Barr\u00e8s<\/a><\/td><td><a href=\/wordpress\/index.php\/affiche_commune\/?com=Saint-Vincent-de-Durfort>Saint-Vincent-de-Durfort<\/a><\/td><tr><td><a href=\/wordpress\/index.php\/affiche_commune\/?com=Sainte-Eulalie>Sainte-Eulalie<\/a><\/td><td><a href=\/wordpress\/index.php\/affiche_commune\/?com=Sainte-Marguerite-Lafig%C3%A8re>Sainte-Marguerite-Lafig\u00e8re<\/a><\/td><td><a href=\/wordpress\/index.php\/affiche_commune\/?com=Salavas>Salavas<\/a><\/td><td><a href=\/wordpress\/index.php\/affiche_commune\/?com=Sampzon>Sampzon<\/a><\/td><tr><td><a href=\/wordpress\/index.php\/affiche_commune\/?com=Sanilhac>Sanilhac<\/a><\/td><td><a href=\/wordpress\/index.php\/affiche_commune\/?com=Sarras>Sarras<\/a><\/td><td><a href=\/wordpress\/index.php\/affiche_commune\/?com=Satillieu>Satillieu<\/a><\/td><td><a href=\/wordpress\/index.php\/affiche_commune\/?com=Savas>Savas<\/a><\/td><tr><td><a href=\/wordpress\/index.php\/affiche_commune\/?com=Sceautres>Sceautres<\/a><\/td><td><a href=\/wordpress\/index.php\/affiche_commune\/?com=S%C3%A9cheras>S\u00e9cheras<\/a><\/td><td><a href=\/wordpress\/index.php\/affiche_commune\/?com=Serri%C3%A8res>Serri\u00e8res<\/a><\/td><td><a href=\/wordpress\/index.php\/affiche_commune\/?com=Silhac>Silhac<\/a><\/td><tr><td><a href=\/wordpress\/index.php\/affiche_commune\/?com=Soyons>Soyons<\/a><\/td><td><a href=\/wordpress\/index.php\/affiche_commune\/?com=Talencieux>Talencieux<\/a><\/td><td><a href=\/wordpress\/index.php\/affiche_commune\/?com=Tauriers>Tauriers<\/a><\/td><td><a href=\/wordpress\/index.php\/affiche_commune\/?com=Thorrenc>Thorrenc<\/a><\/td><tr><td><a href=\/wordpress\/index.php\/affiche_commune\/?com=Thueyts>Thueyts<\/a><\/td><td><a href=\/wordpress\/index.php\/affiche_commune\/?com=Toulaud>Toulaud<\/a><\/td><td><a href=\/wordpress\/index.php\/affiche_commune\/?com=Tournon-sur-Rh%C3%B4ne>Tournon-sur-Rh\u00f4ne<\/a><\/td><td><a href=\/wordpress\/index.php\/affiche_commune\/?com=Ucel>Ucel<\/a><\/td><tr><td><a href=\/wordpress\/index.php\/affiche_commune\/?com=Usclades-et-Rieutord>Usclades-et-Rieutord<\/a><\/td><td><a href=\/wordpress\/index.php\/affiche_commune\/?com=Uzer>Uzer<\/a><\/td><td><a href=\/wordpress\/index.php\/affiche_commune\/?com=Vagnas>Vagnas<\/a><\/td><td><a href=\/wordpress\/index.php\/affiche_commune\/?com=Valgorge>Valgorge<\/a><\/td><tr><td><a href=\/wordpress\/index.php\/affiche_commune\/?com=Vall%C3%A9es-d%27Antraigues-Asperjoc>Vall\u00e9es-d'Antraigues-Asperjoc<\/a><\/td><td><a href=\/wordpress\/index.php\/affiche_commune\/?com=Vallon-Pont-d%27Arc>Vallon-Pont-d'Arc<\/a><\/td><td><a href=\/wordpress\/index.php\/affiche_commune\/?com=Vals-les-Bains>Vals-les-Bains<\/a><\/td><td><a href=\/wordpress\/index.php\/affiche_commune\/?com=Valvign%C3%A8res>Valvign\u00e8res<\/a><\/td><tr><td><a href=\/wordpress\/index.php\/affiche_commune\/?com=Vanosc>Vanosc<\/a><\/td><td><a href=\/wordpress\/index.php\/affiche_commune\/?com=Vaudevant>Vaudevant<\/a><\/td><td><a href=\/wordpress\/index.php\/affiche_commune\/?com=Vernon>Vernon<\/a><\/td><td><a href=\/wordpress\/index.php\/affiche_commune\/?com=Vernosc-l%C3%A8s-Annonay>Vernosc-l\u00e8s-Annonay<\/a><\/td><tr><td><a href=\/wordpress\/index.php\/affiche_commune\/?com=Vernoux-en-Vivarais>Vernoux-en-Vivarais<\/a><\/td><td><a href=\/wordpress\/index.php\/affiche_commune\/?com=Vesseaux>Vesseaux<\/a><\/td><td><a href=\/wordpress\/index.php\/affiche_commune\/?com=Veyras>Veyras<\/a><\/td><td><a href=\/wordpress\/index.php\/affiche_commune\/?com=Villeneuve-de-Berg>Villeneuve-de-Berg<\/a><\/td><tr><td><a href=\/wordpress\/index.php\/affiche_commune\/?com=Villevocance>Villevocance<\/a><\/td><td><a href=\/wordpress\/index.php\/affiche_commune\/?com=Vinezac>Vinezac<\/a><\/td><td><a href=\/wordpress\/index.php\/affiche_commune\/?com=Vinzieux>Vinzieux<\/a><\/td><td><a href=\/wordpress\/index.php\/affiche_commune\/?com=Vion>Vion<\/a><\/td><tr><td><a href=\/wordpress\/index.php\/affiche_commune\/?com=Viviers>Viviers<\/a><\/td><td><a href=\/wordpress\/index.php\/affiche_commune\/?com=Vocance>Vocance<\/a><\/td><td><a href=\/wordpress\/index.php\/affiche_commune\/?com=Vog%C3%BC%C3%A9>Vog\u00fc\u00e9<\/a><\/td><\/table><\/center>\n","protected":false},"excerpt":{"rendered":"","protected":false},"author":1,"featured_media":0,"parent":0,"menu_order":0,"comment_status":"closed","ping_status":"closed","template":"","meta":{"footnotes":""},"categories":[13],"tags":[],"class_list":["post-886","page","type-page","status-publish","hentry","category-communes"],"yoast_head":"<!-- This site is optimized with the Yoast SEO plugin v24.2 - https:\/\/yoast.com\/wordpress\/plugins\/seo\/ -->\n<title>Liste des communes actuelles - SagArdeche<\/title>\n<meta name=\"description\" content=\"Liste des communes actuelles SagArdeche Soci\u00e9t\u00e9 amateurs g\u00e9n\u00e9alogie Ard\u00e8che Registres BMS Notaires paroissiaux Origines Ard\u00e9choises expoactes saga protestants\" \/>\n<meta name=\"robots\" content=\"index, follow, max-snippet:-1, max-image-preview:large, max-video-preview:-1\" \/>\n<link rel=\"canonical\" href=\"https:\/\/sagardeche.fr\/wordpress\/index.php\/liste-des-communes-actuelles\/\" \/>\n<meta property=\"og:locale\" content=\"fr_FR\" \/>\n<meta property=\"og:type\" content=\"article\" \/>\n<meta property=\"og:title\" content=\"Liste des communes actuelles - SagArdeche\" \/>\n<meta property=\"og:description\" content=\"Liste des communes actuelles SagArdeche Soci\u00e9t\u00e9 amateurs g\u00e9n\u00e9alogie Ard\u00e8che Registres BMS Notaires paroissiaux Origines Ard\u00e9choises expoactes saga protestants\" \/>\n<meta property=\"og:url\" content=\"https:\/\/sagardeche.fr\/wordpress\/index.php\/liste-des-communes-actuelles\/\" \/>\n<meta property=\"og:site_name\" content=\"SagArdeche\" \/>\n<meta property=\"article:publisher\" content=\"https:\/\/www.facebook.com\/geneardeche\" \/>\n<meta property=\"article:modified_time\" content=\"2024-12-31T15:24:05+00:00\" \/>\n<meta name=\"twitter:card\" content=\"summary_large_image\" \/>\n<meta name=\"twitter:label1\" content=\"Dur\u00e9e de lecture estim\u00e9e\" \/>\n\t<meta name=\"twitter:data1\" content=\"1 minute\" \/>\n<script type=\"application\/ld+json\" class=\"yoast-schema-graph\">{\"@context\":\"https:\/\/schema.org\",\"@graph\":[{\"@type\":\"WebPage\",\"@id\":\"https:\/\/sagardeche.fr\/wordpress\/index.php\/liste-des-communes-actuelles\/\",\"url\":\"https:\/\/sagardeche.fr\/wordpress\/index.php\/liste-des-communes-actuelles\/\",\"name\":\"Liste des communes actuelles - SagArdeche\",\"isPartOf\":{\"@id\":\"https:\/\/sagardeche.fr\/wordpress\/#website\"},\"datePublished\":\"2022-07-29T07:56:56+00:00\",\"dateModified\":\"2024-12-31T15:24:05+00:00\",\"description\":\"Liste des communes actuelles SagArdeche Soci\u00e9t\u00e9 amateurs g\u00e9n\u00e9alogie Ard\u00e8che Registres BMS Notaires paroissiaux Origines Ard\u00e9choises expoactes saga protestants\",\"breadcrumb\":{\"@id\":\"https:\/\/sagardeche.fr\/wordpress\/index.php\/liste-des-communes-actuelles\/#breadcrumb\"},\"inLanguage\":\"fr-FR\",\"potentialAction\":[{\"@type\":\"ReadAction\",\"target\":[\"https:\/\/sagardeche.fr\/wordpress\/index.php\/liste-des-communes-actuelles\/\"]}]},{\"@type\":\"BreadcrumbList\",\"@id\":\"https:\/\/sagardeche.fr\/wordpress\/index.php\/liste-des-communes-actuelles\/#breadcrumb\",\"itemListElement\":[{\"@type\":\"ListItem\",\"position\":1,\"name\":\"Accueil\",\"item\":\"https:\/\/sagardeche.fr\/wordpress\/\"},{\"@type\":\"ListItem\",\"position\":2,\"name\":\"Liste des communes actuelles\"}]},{\"@type\":\"WebSite\",\"@id\":\"https:\/\/sagardeche.fr\/wordpress\/#website\",\"url\":\"https:\/\/sagardeche.fr\/wordpress\/\",\"name\":\"SagArdeche\",\"description\":\"Soci\u00e9t\u00e9 des Amateurs de G\u00e9n\u00e9alogie de l&#039;Ard\u00e8che\",\"publisher\":{\"@id\":\"https:\/\/sagardeche.fr\/wordpress\/#organization\"},\"alternateName\":\"saga\",\"potentialAction\":[{\"@type\":\"SearchAction\",\"target\":{\"@type\":\"EntryPoint\",\"urlTemplate\":\"https:\/\/sagardeche.fr\/wordpress\/?s={search_term_string}\"},\"query-input\":{\"@type\":\"PropertyValueSpecification\",\"valueRequired\":true,\"valueName\":\"search_term_string\"}}],\"inLanguage\":\"fr-FR\"},{\"@type\":\"Organization\",\"@id\":\"https:\/\/sagardeche.fr\/wordpress\/#organization\",\"name\":\"Soci\u00e9t\u00e9 des Amateurs de G\u00e9n\u00e9alogie de l'Ard\u00e8che\",\"alternateName\":\"SAGA\",\"url\":\"https:\/\/sagardeche.fr\/wordpress\/\",\"logo\":{\"@type\":\"ImageObject\",\"inLanguage\":\"fr-FR\",\"@id\":\"https:\/\/sagardeche.fr\/wordpress\/#\/schema\/logo\/image\/\",\"url\":\"https:\/\/sagardeche.fr\/wordpress\/wp-content\/uploads\/2022\/06\/cropped-LogoSAGA3-1.jpg\",\"contentUrl\":\"https:\/\/sagardeche.fr\/wordpress\/wp-content\/uploads\/2022\/06\/cropped-LogoSAGA3-1.jpg\",\"width\":50,\"height\":80,\"caption\":\"Soci\u00e9t\u00e9 des Amateurs de G\u00e9n\u00e9alogie de l'Ard\u00e8che\"},\"image\":{\"@id\":\"https:\/\/sagardeche.fr\/wordpress\/#\/schema\/logo\/image\/\"},\"sameAs\":[\"https:\/\/www.facebook.com\/geneardeche\"]}]}<\/script>\n<!-- \/ Yoast SEO plugin. -->","yoast_head_json":{"title":"Liste des communes actuelles - SagArdeche","description":"Liste des communes actuelles SagArdeche Soci\u00e9t\u00e9 amateurs g\u00e9n\u00e9alogie Ard\u00e8che Registres BMS Notaires paroissiaux Origines Ard\u00e9choises expoactes saga protestants","robots":{"index":"index","follow":"follow","max-snippet":"max-snippet:-1","max-image-preview":"max-image-preview:large","max-video-preview":"max-video-preview:-1"},"canonical":"https:\/\/sagardeche.fr\/wordpress\/index.php\/liste-des-communes-actuelles\/","og_locale":"fr_FR","og_type":"article","og_title":"Liste des communes actuelles - SagArdeche","og_description":"Liste des communes actuelles SagArdeche Soci\u00e9t\u00e9 amateurs g\u00e9n\u00e9alogie Ard\u00e8che Registres BMS Notaires paroissiaux Origines Ard\u00e9choises expoactes saga protestants","og_url":"https:\/\/sagardeche.fr\/wordpress\/index.php\/liste-des-communes-actuelles\/","og_site_name":"SagArdeche","article_publisher":"https:\/\/www.facebook.com\/geneardeche","article_modified_time":"2024-12-31T15:24:05+00:00","twitter_card":"summary_large_image","twitter_misc":{"Dur\u00e9e de lecture estim\u00e9e":"1 minute"},"schema":{"@context":"https:\/\/schema.org","@graph":[{"@type":"WebPage","@id":"https:\/\/sagardeche.fr\/wordpress\/index.php\/liste-des-communes-actuelles\/","url":"https:\/\/sagardeche.fr\/wordpress\/index.php\/liste-des-communes-actuelles\/","name":"Liste des communes actuelles - SagArdeche","isPartOf":{"@id":"https:\/\/sagardeche.fr\/wordpress\/#website"},"datePublished":"2022-07-29T07:56:56+00:00","dateModified":"2024-12-31T15:24:05+00:00","description":"Liste des communes actuelles SagArdeche Soci\u00e9t\u00e9 amateurs g\u00e9n\u00e9alogie Ard\u00e8che Registres BMS Notaires paroissiaux Origines Ard\u00e9choises expoactes saga protestants","breadcrumb":{"@id":"https:\/\/sagardeche.fr\/wordpress\/index.php\/liste-des-communes-actuelles\/#breadcrumb"},"inLanguage":"fr-FR","potentialAction":[{"@type":"ReadAction","target":["https:\/\/sagardeche.fr\/wordpress\/index.php\/liste-des-communes-actuelles\/"]}]},{"@type":"BreadcrumbList","@id":"https:\/\/sagardeche.fr\/wordpress\/index.php\/liste-des-communes-actuelles\/#breadcrumb","itemListElement":[{"@type":"ListItem","position":1,"name":"Accueil","item":"https:\/\/sagardeche.fr\/wordpress\/"},{"@type":"ListItem","position":2,"name":"Liste des communes actuelles"}]},{"@type":"WebSite","@id":"https:\/\/sagardeche.fr\/wordpress\/#website","url":"https:\/\/sagardeche.fr\/wordpress\/","name":"SagArdeche","description":"Soci\u00e9t\u00e9 des Amateurs de G\u00e9n\u00e9alogie de l&#039;Ard\u00e8che","publisher":{"@id":"https:\/\/sagardeche.fr\/wordpress\/#organization"},"alternateName":"saga","potentialAction":[{"@type":"SearchAction","target":{"@type":"EntryPoint","urlTemplate":"https:\/\/sagardeche.fr\/wordpress\/?s={search_term_string}"},"query-input":{"@type":"PropertyValueSpecification","valueRequired":true,"valueName":"search_term_string"}}],"inLanguage":"fr-FR"},{"@type":"Organization","@id":"https:\/\/sagardeche.fr\/wordpress\/#organization","name":"Soci\u00e9t\u00e9 des Amateurs de G\u00e9n\u00e9alogie de l'Ard\u00e8che","alternateName":"SAGA","url":"https:\/\/sagardeche.fr\/wordpress\/","logo":{"@type":"ImageObject","inLanguage":"fr-FR","@id":"https:\/\/sagardeche.fr\/wordpress\/#\/schema\/logo\/image\/","url":"https:\/\/sagardeche.fr\/wordpress\/wp-content\/uploads\/2022\/06\/cropped-LogoSAGA3-1.jpg","contentUrl":"https:\/\/sagardeche.fr\/wordpress\/wp-content\/uploads\/2022\/06\/cropped-LogoSAGA3-1.jpg","width":50,"height":80,"caption":"Soci\u00e9t\u00e9 des Amateurs de G\u00e9n\u00e9alogie de l'Ard\u00e8che"},"image":{"@id":"https:\/\/sagardeche.fr\/wordpress\/#\/schema\/logo\/image\/"},"sameAs":["https:\/\/www.facebook.com\/geneardeche"]}]}},"_links":{"self":[{"href":"https:\/\/sagardeche.fr\/wordpress\/index.php\/wp-json\/wp\/v2\/pages\/886","targetHints":{"allow":["GET"]}}],"collection":[{"href":"https:\/\/sagardeche.fr\/wordpress\/index.php\/wp-json\/wp\/v2\/pages"}],"about":[{"href":"https:\/\/sagardeche.fr\/wordpress\/index.php\/wp-json\/wp\/v2\/types\/page"}],"author":[{"embeddable":true,"href":"https:\/\/sagardeche.fr\/wordpress\/index.php\/wp-json\/wp\/v2\/users\/1"}],"replies":[{"embeddable":true,"href":"https:\/\/sagardeche.fr\/wordpress\/index.php\/wp-json\/wp\/v2\/comments?post=886"}],"version-history":[{"count":3,"href":"https:\/\/sagardeche.fr\/wordpress\/index.php\/wp-json\/wp\/v2\/pages\/886\/revisions"}],"predecessor-version":[{"id":969,"href":"https:\/\/sagardeche.fr\/wordpress\/index.php\/wp-json\/wp\/v2\/pages\/886\/revisions\/969"}],"wp:attachment":[{"href":"https:\/\/sagardeche.fr\/wordpress\/index.php\/wp-json\/wp\/v2\/media?parent=886"}],"wp:term":[{"taxonomy":"category","embeddable":true,"href":"https:\/\/sagardeche.fr\/wordpress\/index.php\/wp-json\/wp\/v2\/categories?post=886"},{"taxonomy":"post_tag","embeddable":true,"href":"https:\/\/sagardeche.fr\/wordpress\/index.php\/wp-json\/wp\/v2\/tags?post=886"}],"curies":[{"name":"wp","href":"https:\/\/api.w.org\/{rel}","templated":true}]}}