{"id":2978,"date":"2023-06-07T08:43:08","date_gmt":"2023-06-07T06:43:08","guid":{"rendered":"https:\/\/sagardeche.fr\/wordpress\/?page_id=2978"},"modified":"2023-06-07T08:48:34","modified_gmt":"2023-06-07T06:48:34","slug":"documents-administratifs","status":"publish","type":"page","link":"https:\/\/sagardeche.fr\/wordpress\/index.php\/documents-administratifs\/","title":{"rendered":"Documents Administratifs"},"content":{"rendered":"\n<p>Depuis quelques mois, vous avez vu appara\u00eetre lors de vos recherches g\u00e9n\u00e9alogiques sur ExpoActes des donn\u00e9es nouvelles d\u00e9sign\u00e9es \u00ab&nbsp;Document Administratif&nbsp;\u00bb dans la colonne Type (de document).<\/p>\n\n\n\n<p>Qu\u2019en est-il&nbsp;de ces documents administratifs&nbsp;?<\/p>\n\n\n\n<p>Il s\u2019agit d\u2019une d\u00e9couverte faite \u00e0 l\u2019occasion de demandes d\u2019aide des adh\u00e9rents de la SAGA \u00e0 l\u2019antenne parisienne en 2017. Il s\u2019agissait de rechercher un document situ\u00e9 aux Archives Nationales \u00e0 Pierrefitte (Seine-Saint-Denis) dans la s\u00e9rie <strong>F\/1bII\/Ard\u00e8che\/1 \u00e0 18<\/strong>. La lecture des documents contenus dans les dix-huit gros cartons de cette s\u00e9rie, a permis d\u2019exhumer des \u00e9crits retra\u00e7ant les relations de l&rsquo;Etat et des administrations locales de l\u2019Ard\u00e8che entre 1789 et 1882. Au travers de plus de 10000 photos, il y avait des milliers de personnages politiques&nbsp;: membres du Directoire, d\u00e9put\u00e9s, maires, adjoints, conseillers municipaux, membres des assembl\u00e9es d\u00e9partementales, officiers ou agents de police ou de gendarmerie, etc. Leur r\u00f4le, leur situation sociale, leurs titres, leur fortune, leurs qualit\u00e9s mais aussi leurs d\u00e9fauts \u00e9taient souvent d\u00e9crits par le Pr\u00e9fet ou les rapports de gendarmerie \u00e0 l\u2019appui de nominations, de rejets ou m\u00eame de poursuites judiciaires.<\/p>\n\n\n\n<p>L\u2019id\u00e9e de num\u00e9riser, de d\u00e9pouiller puis d\u2019indexer le contenu de ces archives est apparue comme une \u00e9vidence. Il restait \u00e0 entreprendre ce travail laborieux. Il aura fallu six ans&nbsp;pour en venir \u00e0 bout ! L\u2019antenne parisienne de la SAGA (et particuli\u00e8rement Yves Aurenche, Michel Ponserre, Alain Est\u00e9oule, Philippe Gauthier, Jacques L\u00e9orat et Bertrand Astier) avec l\u2019aide des informaticiens Emmanuel Coiraton puis Henry-Pascal Eldin, l\u2019a r\u00e9alis\u00e9 puisqu\u2019\u00e0 ce jour la totalit\u00e9 des communes concern\u00e9es a \u00e9t\u00e9 int\u00e9gr\u00e9e dans ExpoActes&nbsp;.<\/p>\n\n\n\n<p>De nombreuses heures de lecture parfois captivantes ont mis \u00e0 jour, entre autres :<\/p>\n\n\n\n<p>&#8211; des courriers des Maires aux Pr\u00e9fets<\/p>\n\n\n\n<p>&#8211; des courriers des Pr\u00e9fets aux autorit\u00e9s nationales<\/p>\n\n\n\n<p>&#8211; des propositions des Pr\u00e9fets pour la nomination des \u00e9lus municipaux et cantonaux sous forme de listes d\u00e9taillant le profil des propos\u00e9s (nom, pr\u00e9noms, qualification ou profession, \u00e2ge, situation familiale, nombre d&rsquo;enfants, fortune personnelle \u00e9valu\u00e9e en revenu, et des observations telles que \u00ab\u00a0bon adjoint &#8211; conservateur\u00a0\u00bb ou bien \u00a0\u00bb homme honorable mais peu intelligent\u00a0\u00bb , \u00ab\u00a0tr\u00e8s influent\u00a0\u00bb, \u00ab\u00a0d\u00e9vou\u00e9\u00a0\u00bb ou encore \u00ab\u00a0conseiller municipal insignifiant mais aux opinions politiques douteuses\u00a0\u00bb, etc.) et le nombre d&rsquo;habitants de la commune concern\u00e9e.<\/p>\n\n\n\n<p>&#8211; des r\u00e9sultats d&rsquo;\u00e9lections municipales ou cantonales,<\/p>\n\n\n\n<p>&#8211; des rapports de Pr\u00e9fets demandant la suspension ou la r\u00e9vocation de maires ou d&rsquo;adjoints pour des raisons politiques ou morales :<\/p>\n\n\n\n<p>. avoir favoris\u00e9 quelqu&rsquo;un pour \u00e9chapper \u00e0 la conscription,<\/p>\n\n\n\n<p>. malversations financi\u00e8res,<\/p>\n\n\n\n<p>. manipulations de l&rsquo;\u00e9tat civil, faux en \u00e9critures ou pressions et intimidations lors d&rsquo;\u00e9lections,<\/p>\n\n\n\n<p>. propos excessifs ou diffamants, d\u00e9lits, rixes, et m\u00eame assassinats.<\/p>\n\n\n\n<p>&#8211; des lettres de d\u00e9nonciation, des proc\u00e8s verbaux de gendarmerie, des jugements de tribunaux.<\/p>\n\n\n\n<p>Et puis, pour rentrer dans l\u2019Histoire, des rapports ou courriers faisant \u00e9tat de troubles, en particulier lors des changements politiques qui ont travers\u00e9 ce si\u00e8cle : Directoire (de 1795 \u00e0 1799), Consulat (de 1799 \u00e0 1804), Premier Empire (de 1804 \u00e0 1814), Louis XVIII (de 1815 \u00e0 1824), Charles X ( de 1824 \u00e0 juillet 1830 &#8211; les \u00ab\u00a0Trois Glorieuses\u00a0\u00bb), Louis-Philippe (1830-1848), Louis-Napol\u00e9on Bonaparte (2e R\u00e9publique &#8211; 1848- 1851), 2e Empire (1851 \u00e0 1870) &#8211; Thiers, pr\u00e9sident IIIe R\u00e9publique (1871-1873) et Mac-Mahon, pr\u00e9sident (1873 \u00e0 1879) . Chaque document, en fonction des gouvernements, poss\u00e8de sa forme, ses \u00e9crits et sa signature.<\/p>\n\n\n\n<p>Les g\u00e9n\u00e9alogistes amateurs que nous sommes ne se contentent plus de faire du chiffre en accumulant un grand nombre d\u2019individus suppos\u00e9s ascendants\u00a0; ils veulent conna\u00eetre dans quel contexte leurs anc\u00eatres vivaient, l\u2019\u00e9tat de leurs biens, leurs m\u0153urs, leurs difficult\u00e9s, leurs relations avec les pouvoirs en place, leurs opinions politiques ou religieuses. Ces \u00ab\u00a0Documents administratifs\u00a0\u00bb pourront les aider dans cette qu\u00eate de renseignements.<\/p>\n\n\n\n<p>Michel Ponserre<\/p>\n","protected":false},"excerpt":{"rendered":"<p>Depuis quelques mois, vous avez vu appara\u00eetre lors de vos recherches g\u00e9n\u00e9alogiques sur ExpoActes des donn\u00e9es nouvelles d\u00e9sign\u00e9es \u00ab&nbsp;Document Administratif&nbsp;\u00bb dans la colonne Type (de document). Qu\u2019en est-il&nbsp;de ces documents administratifs&nbsp;? Il s\u2019agit d\u2019une d\u00e9couverte faite \u00e0 l\u2019occasion de demandes d\u2019aide des adh\u00e9rents de la SAGA \u00e0 l\u2019antenne parisienne en 2017. Il s\u2019agissait de rechercher [&hellip;]<\/p>\n","protected":false},"author":2,"featured_media":0,"parent":0,"menu_order":0,"comment_status":"closed","ping_status":"closed","template":"","meta":{"footnotes":""},"categories":[6],"tags":[],"class_list":["post-2978","page","type-page","status-publish","hentry","category-outils"],"yoast_head":"<!-- This site is optimized with the Yoast SEO plugin v24.2 - https:\/\/yoast.com\/wordpress\/plugins\/seo\/ -->\n<title>Documents Administratifs - SagArdeche<\/title>\n<meta name=\"description\" content=\"Documents Administratifs SagArdeche Outils Soci\u00e9t\u00e9 amateurs g\u00e9n\u00e9alogie Ard\u00e8che Registres BMS Notaires paroissiaux Origines Ard\u00e9choises expoactes saga protestants\" \/>\n<meta name=\"robots\" content=\"index, follow, max-snippet:-1, max-image-preview:large, max-video-preview:-1\" \/>\n<link rel=\"canonical\" href=\"https:\/\/sagardeche.fr\/wordpress\/index.php\/documents-administratifs\/\" \/>\n<meta property=\"og:locale\" content=\"fr_FR\" \/>\n<meta property=\"og:type\" content=\"article\" \/>\n<meta property=\"og:title\" content=\"Documents Administratifs - SagArdeche\" \/>\n<meta property=\"og:description\" content=\"Documents Administratifs SagArdeche Outils Soci\u00e9t\u00e9 amateurs g\u00e9n\u00e9alogie Ard\u00e8che Registres BMS Notaires paroissiaux Origines Ard\u00e9choises expoactes saga protestants\" \/>\n<meta property=\"og:url\" content=\"https:\/\/sagardeche.fr\/wordpress\/index.php\/documents-administratifs\/\" \/>\n<meta property=\"og:site_name\" content=\"SagArdeche\" \/>\n<meta property=\"article:publisher\" content=\"https:\/\/www.facebook.com\/geneardeche\" \/>\n<meta property=\"article:modified_time\" content=\"2023-06-07T06:48:34+00:00\" \/>\n<meta name=\"twitter:card\" content=\"summary_large_image\" \/>\n<meta name=\"twitter:label1\" content=\"Dur\u00e9e de lecture estim\u00e9e\" \/>\n\t<meta name=\"twitter:data1\" content=\"3 minutes\" \/>\n<script type=\"application\/ld+json\" class=\"yoast-schema-graph\">{\"@context\":\"https:\/\/schema.org\",\"@graph\":[{\"@type\":\"WebPage\",\"@id\":\"https:\/\/sagardeche.fr\/wordpress\/index.php\/documents-administratifs\/\",\"url\":\"https:\/\/sagardeche.fr\/wordpress\/index.php\/documents-administratifs\/\",\"name\":\"Documents Administratifs - SagArdeche\",\"isPartOf\":{\"@id\":\"https:\/\/sagardeche.fr\/wordpress\/#website\"},\"datePublished\":\"2023-06-07T06:43:08+00:00\",\"dateModified\":\"2023-06-07T06:48:34+00:00\",\"description\":\"Documents Administratifs SagArdeche Outils Soci\u00e9t\u00e9 amateurs g\u00e9n\u00e9alogie Ard\u00e8che Registres BMS Notaires paroissiaux Origines Ard\u00e9choises expoactes saga protestants\",\"breadcrumb\":{\"@id\":\"https:\/\/sagardeche.fr\/wordpress\/index.php\/documents-administratifs\/#breadcrumb\"},\"inLanguage\":\"fr-FR\",\"potentialAction\":[{\"@type\":\"ReadAction\",\"target\":[\"https:\/\/sagardeche.fr\/wordpress\/index.php\/documents-administratifs\/\"]}]},{\"@type\":\"BreadcrumbList\",\"@id\":\"https:\/\/sagardeche.fr\/wordpress\/index.php\/documents-administratifs\/#breadcrumb\",\"itemListElement\":[{\"@type\":\"ListItem\",\"position\":1,\"name\":\"Accueil\",\"item\":\"https:\/\/sagardeche.fr\/wordpress\/\"},{\"@type\":\"ListItem\",\"position\":2,\"name\":\"Documents Administratifs\"}]},{\"@type\":\"WebSite\",\"@id\":\"https:\/\/sagardeche.fr\/wordpress\/#website\",\"url\":\"https:\/\/sagardeche.fr\/wordpress\/\",\"name\":\"SagArdeche\",\"description\":\"Soci\u00e9t\u00e9 des Amateurs de G\u00e9n\u00e9alogie de l&#039;Ard\u00e8che\",\"publisher\":{\"@id\":\"https:\/\/sagardeche.fr\/wordpress\/#organization\"},\"alternateName\":\"saga\",\"potentialAction\":[{\"@type\":\"SearchAction\",\"target\":{\"@type\":\"EntryPoint\",\"urlTemplate\":\"https:\/\/sagardeche.fr\/wordpress\/?s={search_term_string}\"},\"query-input\":{\"@type\":\"PropertyValueSpecification\",\"valueRequired\":true,\"valueName\":\"search_term_string\"}}],\"inLanguage\":\"fr-FR\"},{\"@type\":\"Organization\",\"@id\":\"https:\/\/sagardeche.fr\/wordpress\/#organization\",\"name\":\"Soci\u00e9t\u00e9 des Amateurs de G\u00e9n\u00e9alogie de l'Ard\u00e8che\",\"alternateName\":\"SAGA\",\"url\":\"https:\/\/sagardeche.fr\/wordpress\/\",\"logo\":{\"@type\":\"ImageObject\",\"inLanguage\":\"fr-FR\",\"@id\":\"https:\/\/sagardeche.fr\/wordpress\/#\/schema\/logo\/image\/\",\"url\":\"https:\/\/sagardeche.fr\/wordpress\/wp-content\/uploads\/2022\/06\/cropped-LogoSAGA3-1.jpg\",\"contentUrl\":\"https:\/\/sagardeche.fr\/wordpress\/wp-content\/uploads\/2022\/06\/cropped-LogoSAGA3-1.jpg\",\"width\":50,\"height\":80,\"caption\":\"Soci\u00e9t\u00e9 des Amateurs de G\u00e9n\u00e9alogie de l'Ard\u00e8che\"},\"image\":{\"@id\":\"https:\/\/sagardeche.fr\/wordpress\/#\/schema\/logo\/image\/\"},\"sameAs\":[\"https:\/\/www.facebook.com\/geneardeche\"]}]}<\/script>\n<!-- \/ Yoast SEO plugin. -->","yoast_head_json":{"title":"Documents Administratifs - SagArdeche","description":"Documents Administratifs SagArdeche Outils Soci\u00e9t\u00e9 amateurs g\u00e9n\u00e9alogie Ard\u00e8che Registres BMS Notaires paroissiaux Origines Ard\u00e9choises expoactes saga protestants","robots":{"index":"index","follow":"follow","max-snippet":"max-snippet:-1","max-image-preview":"max-image-preview:large","max-video-preview":"max-video-preview:-1"},"canonical":"https:\/\/sagardeche.fr\/wordpress\/index.php\/documents-administratifs\/","og_locale":"fr_FR","og_type":"article","og_title":"Documents Administratifs - SagArdeche","og_description":"Documents Administratifs SagArdeche Outils Soci\u00e9t\u00e9 amateurs g\u00e9n\u00e9alogie Ard\u00e8che Registres BMS Notaires paroissiaux Origines Ard\u00e9choises expoactes saga protestants","og_url":"https:\/\/sagardeche.fr\/wordpress\/index.php\/documents-administratifs\/","og_site_name":"SagArdeche","article_publisher":"https:\/\/www.facebook.com\/geneardeche","article_modified_time":"2023-06-07T06:48:34+00:00","twitter_card":"summary_large_image","twitter_misc":{"Dur\u00e9e de lecture estim\u00e9e":"3 minutes"},"schema":{"@context":"https:\/\/schema.org","@graph":[{"@type":"WebPage","@id":"https:\/\/sagardeche.fr\/wordpress\/index.php\/documents-administratifs\/","url":"https:\/\/sagardeche.fr\/wordpress\/index.php\/documents-administratifs\/","name":"Documents Administratifs - SagArdeche","isPartOf":{"@id":"https:\/\/sagardeche.fr\/wordpress\/#website"},"datePublished":"2023-06-07T06:43:08+00:00","dateModified":"2023-06-07T06:48:34+00:00","description":"Documents Administratifs SagArdeche Outils Soci\u00e9t\u00e9 amateurs g\u00e9n\u00e9alogie Ard\u00e8che Registres BMS Notaires paroissiaux Origines Ard\u00e9choises expoactes saga protestants","breadcrumb":{"@id":"https:\/\/sagardeche.fr\/wordpress\/index.php\/documents-administratifs\/#breadcrumb"},"inLanguage":"fr-FR","potentialAction":[{"@type":"ReadAction","target":["https:\/\/sagardeche.fr\/wordpress\/index.php\/documents-administratifs\/"]}]},{"@type":"BreadcrumbList","@id":"https:\/\/sagardeche.fr\/wordpress\/index.php\/documents-administratifs\/#breadcrumb","itemListElement":[{"@type":"ListItem","position":1,"name":"Accueil","item":"https:\/\/sagardeche.fr\/wordpress\/"},{"@type":"ListItem","position":2,"name":"Documents Administratifs"}]},{"@type":"WebSite","@id":"https:\/\/sagardeche.fr\/wordpress\/#website","url":"https:\/\/sagardeche.fr\/wordpress\/","name":"SagArdeche","description":"Soci\u00e9t\u00e9 des Amateurs de G\u00e9n\u00e9alogie de l&#039;Ard\u00e8che","publisher":{"@id":"https:\/\/sagardeche.fr\/wordpress\/#organization"},"alternateName":"saga","potentialAction":[{"@type":"SearchAction","target":{"@type":"EntryPoint","urlTemplate":"https:\/\/sagardeche.fr\/wordpress\/?s={search_term_string}"},"query-input":{"@type":"PropertyValueSpecification","valueRequired":true,"valueName":"search_term_string"}}],"inLanguage":"fr-FR"},{"@type":"Organization","@id":"https:\/\/sagardeche.fr\/wordpress\/#organization","name":"Soci\u00e9t\u00e9 des Amateurs de G\u00e9n\u00e9alogie de l'Ard\u00e8che","alternateName":"SAGA","url":"https:\/\/sagardeche.fr\/wordpress\/","logo":{"@type":"ImageObject","inLanguage":"fr-FR","@id":"https:\/\/sagardeche.fr\/wordpress\/#\/schema\/logo\/image\/","url":"https:\/\/sagardeche.fr\/wordpress\/wp-content\/uploads\/2022\/06\/cropped-LogoSAGA3-1.jpg","contentUrl":"https:\/\/sagardeche.fr\/wordpress\/wp-content\/uploads\/2022\/06\/cropped-LogoSAGA3-1.jpg","width":50,"height":80,"caption":"Soci\u00e9t\u00e9 des Amateurs de G\u00e9n\u00e9alogie de l'Ard\u00e8che"},"image":{"@id":"https:\/\/sagardeche.fr\/wordpress\/#\/schema\/logo\/image\/"},"sameAs":["https:\/\/www.facebook.com\/geneardeche"]}]}},"_links":{"self":[{"href":"https:\/\/sagardeche.fr\/wordpress\/index.php\/wp-json\/wp\/v2\/pages\/2978","targetHints":{"allow":["GET"]}}],"collection":[{"href":"https:\/\/sagardeche.fr\/wordpress\/index.php\/wp-json\/wp\/v2\/pages"}],"about":[{"href":"https:\/\/sagardeche.fr\/wordpress\/index.php\/wp-json\/wp\/v2\/types\/page"}],"author":[{"embeddable":true,"href":"https:\/\/sagardeche.fr\/wordpress\/index.php\/wp-json\/wp\/v2\/users\/2"}],"replies":[{"embeddable":true,"href":"https:\/\/sagardeche.fr\/wordpress\/index.php\/wp-json\/wp\/v2\/comments?post=2978"}],"version-history":[{"count":2,"href":"https:\/\/sagardeche.fr\/wordpress\/index.php\/wp-json\/wp\/v2\/pages\/2978\/revisions"}],"predecessor-version":[{"id":2981,"href":"https:\/\/sagardeche.fr\/wordpress\/index.php\/wp-json\/wp\/v2\/pages\/2978\/revisions\/2981"}],"wp:attachment":[{"href":"https:\/\/sagardeche.fr\/wordpress\/index.php\/wp-json\/wp\/v2\/media?parent=2978"}],"wp:term":[{"taxonomy":"category","embeddable":true,"href":"https:\/\/sagardeche.fr\/wordpress\/index.php\/wp-json\/wp\/v2\/categories?post=2978"},{"taxonomy":"post_tag","embeddable":true,"href":"https:\/\/sagardeche.fr\/wordpress\/index.php\/wp-json\/wp\/v2\/tags?post=2978"}],"curies":[{"name":"wp","href":"https:\/\/api.w.org\/{rel}","templated":true}]}}