{"id":1487,"date":"2022-09-25T15:24:54","date_gmt":"2022-09-25T13:24:54","guid":{"rendered":"https:\/\/sagardeche.fr\/wordpress\/?page_id=1487"},"modified":"2023-04-13T13:54:06","modified_gmt":"2023-04-13T11:54:06","slug":"on-parle-de-nous","status":"publish","type":"page","link":"https:\/\/sagardeche.fr\/wordpress\/index.php\/on-parle-de-nous\/","title":{"rendered":"La presse parle de nous"},"content":{"rendered":"<div class=\"wp-block-image\">\n<figure class=\"aligncenter size-large\"><img loading=\"lazy\" decoding=\"async\" width=\"726\" height=\"1024\" src=\"https:\/\/sagardeche.fr\/wordpress\/wp-content\/uploads\/2023\/02\/LA-TRIBUNE-726x1024.jpg\" alt=\"\" class=\"wp-image-2212\" srcset=\"https:\/\/sagardeche.fr\/wordpress\/wp-content\/uploads\/2023\/02\/LA-TRIBUNE-726x1024.jpg 726w, https:\/\/sagardeche.fr\/wordpress\/wp-content\/uploads\/2023\/02\/LA-TRIBUNE-213x300.jpg 213w, https:\/\/sagardeche.fr\/wordpress\/wp-content\/uploads\/2023\/02\/LA-TRIBUNE-768x1083.jpg 768w, https:\/\/sagardeche.fr\/wordpress\/wp-content\/uploads\/2023\/02\/LA-TRIBUNE-1089x1536.jpg 1089w, https:\/\/sagardeche.fr\/wordpress\/wp-content\/uploads\/2023\/02\/LA-TRIBUNE-1452x2048.jpg 1452w, https:\/\/sagardeche.fr\/wordpress\/wp-content\/uploads\/2023\/02\/LA-TRIBUNE.jpg 1756w\" sizes=\"auto, (max-width: 726px) 100vw, 726px\" \/><figcaption>La Tribune 9 f\u00e9vrier 2023<\/figcaption><\/figure><\/div>\n\n\n<p><\/p>\n\n\n<div class=\"wp-block-image\">\n<figure class=\"aligncenter size-large\"><img loading=\"lazy\" decoding=\"async\" width=\"721\" height=\"1024\" src=\"https:\/\/sagardeche.fr\/wordpress\/wp-content\/uploads\/2023\/02\/MABASTIDE2-721x1024.jpg\" alt=\"\" class=\"wp-image-2137\" srcset=\"https:\/\/sagardeche.fr\/wordpress\/wp-content\/uploads\/2023\/02\/MABASTIDE2-721x1024.jpg 721w, https:\/\/sagardeche.fr\/wordpress\/wp-content\/uploads\/2023\/02\/MABASTIDE2-211x300.jpg 211w, https:\/\/sagardeche.fr\/wordpress\/wp-content\/uploads\/2023\/02\/MABASTIDE2-768x1091.jpg 768w, https:\/\/sagardeche.fr\/wordpress\/wp-content\/uploads\/2023\/02\/MABASTIDE2-1082x1536.jpg 1082w, https:\/\/sagardeche.fr\/wordpress\/wp-content\/uploads\/2023\/02\/MABASTIDE2-1442x2048.jpg 1442w, https:\/\/sagardeche.fr\/wordpress\/wp-content\/uploads\/2023\/02\/MABASTIDE2.jpg 1643w\" sizes=\"auto, (max-width: 721px) 100vw, 721px\" \/><figcaption>Ma Bastide f\u00e9vrier 2023<\/figcaption><\/figure><\/div>\n\n<div class=\"wp-block-image\">\n<figure class=\"aligncenter size-large\"><img loading=\"lazy\" decoding=\"async\" width=\"721\" height=\"1024\" src=\"https:\/\/sagardeche.fr\/wordpress\/wp-content\/uploads\/2023\/02\/MABASTIDE-3-721x1024.jpg\" alt=\"\" class=\"wp-image-2138\" srcset=\"https:\/\/sagardeche.fr\/wordpress\/wp-content\/uploads\/2023\/02\/MABASTIDE-3-721x1024.jpg 721w, https:\/\/sagardeche.fr\/wordpress\/wp-content\/uploads\/2023\/02\/MABASTIDE-3-211x300.jpg 211w, https:\/\/sagardeche.fr\/wordpress\/wp-content\/uploads\/2023\/02\/MABASTIDE-3-768x1091.jpg 768w, https:\/\/sagardeche.fr\/wordpress\/wp-content\/uploads\/2023\/02\/MABASTIDE-3-1082x1536.jpg 1082w, https:\/\/sagardeche.fr\/wordpress\/wp-content\/uploads\/2023\/02\/MABASTIDE-3-1442x2048.jpg 1442w, https:\/\/sagardeche.fr\/wordpress\/wp-content\/uploads\/2023\/02\/MABASTIDE-3.jpg 1643w\" sizes=\"auto, (max-width: 721px) 100vw, 721px\" \/><figcaption>Ma Bastide f\u00e9vrier 2023<\/figcaption><\/figure><\/div>\n\n<div class=\"wp-block-image\">\n<figure class=\"aligncenter size-large\"><img loading=\"lazy\" decoding=\"async\" width=\"1024\" height=\"835\" src=\"https:\/\/sagardeche.fr\/wordpress\/wp-content\/uploads\/2023\/01\/DL-2023-01-02-1024x835.jpg\" alt=\"\" class=\"wp-image-1886\" srcset=\"https:\/\/sagardeche.fr\/wordpress\/wp-content\/uploads\/2023\/01\/DL-2023-01-02-1024x835.jpg 1024w, https:\/\/sagardeche.fr\/wordpress\/wp-content\/uploads\/2023\/01\/DL-2023-01-02-300x245.jpg 300w, https:\/\/sagardeche.fr\/wordpress\/wp-content\/uploads\/2023\/01\/DL-2023-01-02-768x626.jpg 768w, https:\/\/sagardeche.fr\/wordpress\/wp-content\/uploads\/2023\/01\/DL-2023-01-02-1536x1253.jpg 1536w, https:\/\/sagardeche.fr\/wordpress\/wp-content\/uploads\/2023\/01\/DL-2023-01-02-2048x1670.jpg 2048w\" sizes=\"auto, (max-width: 1024px) 100vw, 1024px\" \/><figcaption>Privas, H\u00f4tel du d\u00e9partement, d\u00e9cembre 2022, signature du renouvellement de la convention de partenariat avec le d\u00e9partement.<\/figcaption><\/figure><\/div>\n\n<div class=\"wp-block-image\">\n<figure class=\"aligncenter size-large\"><img loading=\"lazy\" decoding=\"async\" width=\"1024\" height=\"778\" src=\"https:\/\/sagardeche.fr\/wordpress\/wp-content\/uploads\/2023\/01\/032-1024x778.jpg\" alt=\"\" class=\"wp-image-1889\" srcset=\"https:\/\/sagardeche.fr\/wordpress\/wp-content\/uploads\/2023\/01\/032-1024x778.jpg 1024w, https:\/\/sagardeche.fr\/wordpress\/wp-content\/uploads\/2023\/01\/032-300x228.jpg 300w, https:\/\/sagardeche.fr\/wordpress\/wp-content\/uploads\/2023\/01\/032-768x584.jpg 768w, https:\/\/sagardeche.fr\/wordpress\/wp-content\/uploads\/2023\/01\/032-1536x1167.jpg 1536w, https:\/\/sagardeche.fr\/wordpress\/wp-content\/uploads\/2023\/01\/032-2048x1556.jpg 2048w\" sizes=\"auto, (max-width: 1024px) 100vw, 1024px\" \/><figcaption>Mag&rsquo;Ville, journal de Privas et alentours 2021 <\/figcaption><\/figure><\/div>\n\n<div class=\"wp-block-image\">\n<figure class=\"aligncenter size-large\"><img loading=\"lazy\" decoding=\"async\" width=\"1024\" height=\"724\" src=\"https:\/\/sagardeche.fr\/wordpress\/wp-content\/uploads\/2022\/11\/20190805141829_00001-1024x724.jpg\" alt=\"\" class=\"wp-image-1733\" srcset=\"https:\/\/sagardeche.fr\/wordpress\/wp-content\/uploads\/2022\/11\/20190805141829_00001-1024x724.jpg 1024w, https:\/\/sagardeche.fr\/wordpress\/wp-content\/uploads\/2022\/11\/20190805141829_00001-300x212.jpg 300w, https:\/\/sagardeche.fr\/wordpress\/wp-content\/uploads\/2022\/11\/20190805141829_00001-768x543.jpg 768w, https:\/\/sagardeche.fr\/wordpress\/wp-content\/uploads\/2022\/11\/20190805141829_00001-1536x1086.jpg 1536w, https:\/\/sagardeche.fr\/wordpress\/wp-content\/uploads\/2022\/11\/20190805141829_00001-2048x1448.jpg 2048w\" sizes=\"auto, (max-width: 1024px) 100vw, 1024px\" \/><figcaption>5 ao\u00fbt 2019 30 ANS de la SAGA, Hebdo de l&rsquo;Ard\u00e8che.<\/figcaption><\/figure><\/div>\n\n<div class=\"wp-block-image\">\n<figure class=\"aligncenter size-large\"><img loading=\"lazy\" decoding=\"async\" width=\"1024\" height=\"933\" src=\"https:\/\/sagardeche.fr\/wordpress\/wp-content\/uploads\/2022\/11\/20190805141904_00001-e1668095866453-1024x933.jpg\" alt=\"\" class=\"wp-image-1734\" srcset=\"https:\/\/sagardeche.fr\/wordpress\/wp-content\/uploads\/2022\/11\/20190805141904_00001-e1668095866453-1024x933.jpg 1024w, https:\/\/sagardeche.fr\/wordpress\/wp-content\/uploads\/2022\/11\/20190805141904_00001-e1668095866453-300x273.jpg 300w, https:\/\/sagardeche.fr\/wordpress\/wp-content\/uploads\/2022\/11\/20190805141904_00001-e1668095866453-768x700.jpg 768w, https:\/\/sagardeche.fr\/wordpress\/wp-content\/uploads\/2022\/11\/20190805141904_00001-e1668095866453.jpg 1515w\" sizes=\"auto, (max-width: 1024px) 100vw, 1024px\" \/><figcaption>Privas, H\u00f4tel du d\u00e9partement, 2 ao\u00fbt 2019 Signature du renouvellement de la convention de partenariat avec le d\u00e9partement.<\/figcaption><\/figure><\/div>\n\n<div class=\"wp-block-image\">\n<figure class=\"aligncenter size-large\"><img loading=\"lazy\" decoding=\"async\" width=\"1024\" height=\"711\" src=\"https:\/\/sagardeche.fr\/wordpress\/wp-content\/uploads\/2022\/09\/DL-CONV-20100403-1024x711.jpg\" alt=\"\" class=\"wp-image-1490\" srcset=\"https:\/\/sagardeche.fr\/wordpress\/wp-content\/uploads\/2022\/09\/DL-CONV-20100403-1024x711.jpg 1024w, https:\/\/sagardeche.fr\/wordpress\/wp-content\/uploads\/2022\/09\/DL-CONV-20100403-300x208.jpg 300w, https:\/\/sagardeche.fr\/wordpress\/wp-content\/uploads\/2022\/09\/DL-CONV-20100403-768x533.jpg 768w, https:\/\/sagardeche.fr\/wordpress\/wp-content\/uploads\/2022\/09\/DL-CONV-20100403-1536x1066.jpg 1536w, https:\/\/sagardeche.fr\/wordpress\/wp-content\/uploads\/2022\/09\/DL-CONV-20100403-2048x1421.jpg 2048w\" sizes=\"auto, (max-width: 1024px) 100vw, 1024px\" \/><figcaption>Sur le Dauphin\u00e9 Lib\u00e9r\u00e9 du 3 avril 2010<\/figcaption><\/figure><\/div>\n\n<div class=\"wp-block-image\">\n<figure class=\"aligncenter size-large\"><img loading=\"lazy\" decoding=\"async\" width=\"837\" height=\"1024\" src=\"https:\/\/sagardeche.fr\/wordpress\/wp-content\/uploads\/2022\/09\/DL-CONV-20100402-837x1024.jpg\" alt=\"\" class=\"wp-image-1492\" srcset=\"https:\/\/sagardeche.fr\/wordpress\/wp-content\/uploads\/2022\/09\/DL-CONV-20100402-837x1024.jpg 837w, https:\/\/sagardeche.fr\/wordpress\/wp-content\/uploads\/2022\/09\/DL-CONV-20100402-245x300.jpg 245w, https:\/\/sagardeche.fr\/wordpress\/wp-content\/uploads\/2022\/09\/DL-CONV-20100402-768x939.jpg 768w, https:\/\/sagardeche.fr\/wordpress\/wp-content\/uploads\/2022\/09\/DL-CONV-20100402.jpg 996w\" sizes=\"auto, (max-width: 837px) 100vw, 837px\" \/><figcaption>Article sur la signature de la convention SAGA-CG le 1 avril 2010<\/figcaption><\/figure><\/div>\n\n<div class=\"wp-block-image\">\n<figure class=\"aligncenter size-large\"><img loading=\"lazy\" decoding=\"async\" width=\"764\" height=\"1024\" src=\"https:\/\/sagardeche.fr\/wordpress\/wp-content\/uploads\/2022\/11\/SAGA_RFG_juin_juillet_2016-764x1024.jpg\" alt=\"\" class=\"wp-image-1742\" srcset=\"https:\/\/sagardeche.fr\/wordpress\/wp-content\/uploads\/2022\/11\/SAGA_RFG_juin_juillet_2016-764x1024.jpg 764w, https:\/\/sagardeche.fr\/wordpress\/wp-content\/uploads\/2022\/11\/SAGA_RFG_juin_juillet_2016-224x300.jpg 224w, https:\/\/sagardeche.fr\/wordpress\/wp-content\/uploads\/2022\/11\/SAGA_RFG_juin_juillet_2016-768x1029.jpg 768w, https:\/\/sagardeche.fr\/wordpress\/wp-content\/uploads\/2022\/11\/SAGA_RFG_juin_juillet_2016-1146x1536.jpg 1146w, https:\/\/sagardeche.fr\/wordpress\/wp-content\/uploads\/2022\/11\/SAGA_RFG_juin_juillet_2016.jpg 1217w\" sizes=\"auto, (max-width: 764px) 100vw, 764px\" \/><figcaption>Juin-juillet 2016, Revue Fran\u00e7aise de G\u00e9n\u00e9alogie<\/figcaption><\/figure><\/div>\n\n<div class=\"wp-block-image\">\n<figure class=\"aligncenter size-large\"><img loading=\"lazy\" decoding=\"async\" width=\"768\" height=\"1024\" src=\"https:\/\/sagardeche.fr\/wordpress\/wp-content\/uploads\/2023\/01\/001-768x1024.jpg\" alt=\"\" class=\"wp-image-1918\" srcset=\"https:\/\/sagardeche.fr\/wordpress\/wp-content\/uploads\/2023\/01\/001-768x1024.jpg 768w, https:\/\/sagardeche.fr\/wordpress\/wp-content\/uploads\/2023\/01\/001-225x300.jpg 225w, https:\/\/sagardeche.fr\/wordpress\/wp-content\/uploads\/2023\/01\/001-1152x1536.jpg 1152w, https:\/\/sagardeche.fr\/wordpress\/wp-content\/uploads\/2023\/01\/001-1536x2048.jpg 1536w, https:\/\/sagardeche.fr\/wordpress\/wp-content\/uploads\/2023\/01\/001-scaled.jpg 1920w\" sizes=\"auto, (max-width: 768px) 100vw, 768px\" \/><figcaption>Relief, janvier 2015<\/figcaption><\/figure><\/div>\n\n<div class=\"wp-block-image\">\n<figure class=\"aligncenter size-large\"><img loading=\"lazy\" decoding=\"async\" width=\"403\" height=\"1024\" src=\"https:\/\/sagardeche.fr\/wordpress\/wp-content\/uploads\/2022\/11\/20160620091927_00001-scaled-e1668085733218-403x1024.jpg\" alt=\"\" class=\"wp-image-1725\" srcset=\"https:\/\/sagardeche.fr\/wordpress\/wp-content\/uploads\/2022\/11\/20160620091927_00001-scaled-e1668085733218-403x1024.jpg 403w, https:\/\/sagardeche.fr\/wordpress\/wp-content\/uploads\/2022\/11\/20160620091927_00001-scaled-e1668085733218-118x300.jpg 118w, https:\/\/sagardeche.fr\/wordpress\/wp-content\/uploads\/2022\/11\/20160620091927_00001-scaled-e1668085733218-768x1951.jpg 768w, https:\/\/sagardeche.fr\/wordpress\/wp-content\/uploads\/2022\/11\/20160620091927_00001-scaled-e1668085733218-605x1536.jpg 605w, https:\/\/sagardeche.fr\/wordpress\/wp-content\/uploads\/2022\/11\/20160620091927_00001-scaled-e1668085733218-806x2048.jpg 806w, https:\/\/sagardeche.fr\/wordpress\/wp-content\/uploads\/2022\/11\/20160620091927_00001-scaled-e1668085733218.jpg 938w\" sizes=\"auto, (max-width: 403px) 100vw, 403px\" \/><figcaption>Signature convention de partenariat entre le D\u00e9partement et la SAGA, 18 juin 2016, Dauphin\u00e9 Lib\u00e9r\u00e9.<\/figcaption><\/figure><\/div>\n\n<div class=\"wp-block-image\">\n<figure class=\"aligncenter size-large\"><img loading=\"lazy\" decoding=\"async\" width=\"1024\" height=\"877\" src=\"https:\/\/sagardeche.fr\/wordpress\/wp-content\/uploads\/2023\/01\/009-1024x877.jpg\" alt=\"\" class=\"wp-image-1896\" srcset=\"https:\/\/sagardeche.fr\/wordpress\/wp-content\/uploads\/2023\/01\/009-1024x877.jpg 1024w, https:\/\/sagardeche.fr\/wordpress\/wp-content\/uploads\/2023\/01\/009-300x257.jpg 300w, https:\/\/sagardeche.fr\/wordpress\/wp-content\/uploads\/2023\/01\/009-768x658.jpg 768w, https:\/\/sagardeche.fr\/wordpress\/wp-content\/uploads\/2023\/01\/009-1536x1316.jpg 1536w, https:\/\/sagardeche.fr\/wordpress\/wp-content\/uploads\/2023\/01\/009-2048x1754.jpg 2048w\" sizes=\"auto, (max-width: 1024px) 100vw, 1024px\" \/><figcaption>Dauphin\u00e9 Lib\u00e9r\u00e9 <\/figcaption><\/figure><\/div>\n\n<div class=\"wp-block-image\">\n<figure class=\"aligncenter size-large\"><img loading=\"lazy\" decoding=\"async\" width=\"1024\" height=\"557\" src=\"https:\/\/sagardeche.fr\/wordpress\/wp-content\/uploads\/2022\/09\/AG2010-DL-1024x557.jpg\" alt=\"\" class=\"wp-image-1493\" srcset=\"https:\/\/sagardeche.fr\/wordpress\/wp-content\/uploads\/2022\/09\/AG2010-DL-1024x557.jpg 1024w, https:\/\/sagardeche.fr\/wordpress\/wp-content\/uploads\/2022\/09\/AG2010-DL-300x163.jpg 300w, https:\/\/sagardeche.fr\/wordpress\/wp-content\/uploads\/2022\/09\/AG2010-DL-768x418.jpg 768w, https:\/\/sagardeche.fr\/wordpress\/wp-content\/uploads\/2022\/09\/AG2010-DL-1536x836.jpg 1536w, https:\/\/sagardeche.fr\/wordpress\/wp-content\/uploads\/2022\/09\/AG2010-DL.jpg 1726w\" sizes=\"auto, (max-width: 1024px) 100vw, 1024px\" \/><figcaption>Article sur l&rsquo;assembl\u00e9e G\u00e9n\u00e9rale du 18 mars 2010 \u00e0 Chom\u00e9rac<\/figcaption><\/figure><\/div>\n\n<div class=\"wp-block-image is-style-default\">\n<figure class=\"aligncenter size-large\"><img loading=\"lazy\" decoding=\"async\" width=\"1024\" height=\"684\" src=\"https:\/\/sagardeche.fr\/wordpress\/wp-content\/uploads\/2022\/11\/Remise-Registre-St-Laurent-sous-Coiron-12-2012-e1668083883659-1024x684.jpg\" alt=\"\" class=\"wp-image-1741\" srcset=\"https:\/\/sagardeche.fr\/wordpress\/wp-content\/uploads\/2022\/11\/Remise-Registre-St-Laurent-sous-Coiron-12-2012-e1668083883659-1024x684.jpg 1024w, https:\/\/sagardeche.fr\/wordpress\/wp-content\/uploads\/2022\/11\/Remise-Registre-St-Laurent-sous-Coiron-12-2012-e1668083883659-300x200.jpg 300w, https:\/\/sagardeche.fr\/wordpress\/wp-content\/uploads\/2022\/11\/Remise-Registre-St-Laurent-sous-Coiron-12-2012-e1668083883659-768x513.jpg 768w, https:\/\/sagardeche.fr\/wordpress\/wp-content\/uploads\/2022\/11\/Remise-Registre-St-Laurent-sous-Coiron-12-2012-e1668083883659-1536x1025.jpg 1536w, https:\/\/sagardeche.fr\/wordpress\/wp-content\/uploads\/2022\/11\/Remise-Registre-St-Laurent-sous-Coiron-12-2012-e1668083883659-2048x1367.jpg 2048w\" sizes=\"auto, (max-width: 1024px) 100vw, 1024px\" \/><figcaption>Remise de registres, Saint-Laurent-sous-Coiron, d\u00e9cembre 2012, Dauphin\u00e9 Lib\u00e9r\u00e9.<\/figcaption><\/figure><\/div>\n\n<div class=\"wp-block-image\">\n<figure class=\"aligncenter size-large\"><img loading=\"lazy\" decoding=\"async\" width=\"1024\" height=\"956\" src=\"https:\/\/sagardeche.fr\/wordpress\/wp-content\/uploads\/2022\/11\/Registres-SAGA_-Boffres--1024x956.jpg\" alt=\"\" class=\"wp-image-1740\" srcset=\"https:\/\/sagardeche.fr\/wordpress\/wp-content\/uploads\/2022\/11\/Registres-SAGA_-Boffres--1024x956.jpg 1024w, https:\/\/sagardeche.fr\/wordpress\/wp-content\/uploads\/2022\/11\/Registres-SAGA_-Boffres--300x280.jpg 300w, https:\/\/sagardeche.fr\/wordpress\/wp-content\/uploads\/2022\/11\/Registres-SAGA_-Boffres--768x717.jpg 768w, https:\/\/sagardeche.fr\/wordpress\/wp-content\/uploads\/2022\/11\/Registres-SAGA_-Boffres-.jpg 1074w\" sizes=\"auto, (max-width: 1024px) 100vw, 1024px\" \/><figcaption>Remise de registres, Boffres, 2 f\u00e9vrier 2013, Dauphin\u00e9 Lib\u00e9r\u00e9.<\/figcaption><\/figure><\/div>\n\n<div class=\"wp-block-image\">\n<figure class=\"aligncenter size-large\"><img loading=\"lazy\" decoding=\"async\" width=\"1024\" height=\"465\" src=\"https:\/\/sagardeche.fr\/wordpress\/wp-content\/uploads\/2022\/11\/Saint-Felicien-10-09-2013-1024x465.jpg\" alt=\"\" class=\"wp-image-1743\" srcset=\"https:\/\/sagardeche.fr\/wordpress\/wp-content\/uploads\/2022\/11\/Saint-Felicien-10-09-2013-1024x465.jpg 1024w, https:\/\/sagardeche.fr\/wordpress\/wp-content\/uploads\/2022\/11\/Saint-Felicien-10-09-2013-300x136.jpg 300w, https:\/\/sagardeche.fr\/wordpress\/wp-content\/uploads\/2022\/11\/Saint-Felicien-10-09-2013-768x349.jpg 768w, https:\/\/sagardeche.fr\/wordpress\/wp-content\/uploads\/2022\/11\/Saint-Felicien-10-09-2013.jpg 1073w\" sizes=\"auto, (max-width: 1024px) 100vw, 1024px\" \/><figcaption>Remise de registres, Saint-F\u00e9licien, 9 octobre 2013, Hebdo de l&rsquo;Ard\u00e8che.<\/figcaption><\/figure><\/div>\n\n<div class=\"wp-block-image\">\n<figure class=\"aligncenter size-large\"><img loading=\"lazy\" decoding=\"async\" width=\"1024\" height=\"711\" src=\"https:\/\/sagardeche.fr\/wordpress\/wp-content\/uploads\/2022\/11\/Hebdo-07-du-02-04-2015-1024x711.jpg\" alt=\"\" class=\"wp-image-1737\" srcset=\"https:\/\/sagardeche.fr\/wordpress\/wp-content\/uploads\/2022\/11\/Hebdo-07-du-02-04-2015-1024x711.jpg 1024w, https:\/\/sagardeche.fr\/wordpress\/wp-content\/uploads\/2022\/11\/Hebdo-07-du-02-04-2015-300x208.jpg 300w, https:\/\/sagardeche.fr\/wordpress\/wp-content\/uploads\/2022\/11\/Hebdo-07-du-02-04-2015-768x533.jpg 768w, https:\/\/sagardeche.fr\/wordpress\/wp-content\/uploads\/2022\/11\/Hebdo-07-du-02-04-2015.jpg 1041w\" sizes=\"auto, (max-width: 1024px) 100vw, 1024px\" \/><figcaption>Remise de registres, Pailhar\u00e8s, 2 avril 2015, Hebdo de l&rsquo;Ard\u00e8che.<\/figcaption><\/figure><\/div>\n\n<div class=\"wp-block-image\">\n<figure class=\"aligncenter size-large\"><img loading=\"lazy\" decoding=\"async\" width=\"1024\" height=\"810\" src=\"https:\/\/sagardeche.fr\/wordpress\/wp-content\/uploads\/2022\/11\/Registres-restaures-DL-12-2015-scaled-e1668074784867-1024x810.jpg\" alt=\"\" class=\"wp-image-1739\" srcset=\"https:\/\/sagardeche.fr\/wordpress\/wp-content\/uploads\/2022\/11\/Registres-restaures-DL-12-2015-scaled-e1668074784867-1024x810.jpg 1024w, https:\/\/sagardeche.fr\/wordpress\/wp-content\/uploads\/2022\/11\/Registres-restaures-DL-12-2015-scaled-e1668074784867-300x237.jpg 300w, https:\/\/sagardeche.fr\/wordpress\/wp-content\/uploads\/2022\/11\/Registres-restaures-DL-12-2015-scaled-e1668074784867-768x608.jpg 768w, https:\/\/sagardeche.fr\/wordpress\/wp-content\/uploads\/2022\/11\/Registres-restaures-DL-12-2015-scaled-e1668074784867.jpg 1174w\" sizes=\"auto, (max-width: 1024px) 100vw, 1024px\" \/><figcaption>Remise de registres, Satillieu 14 d\u00e9cembre 2015, Dauphin\u00e9 Lib\u00e9r\u00e9.<\/figcaption><\/figure><\/div>\n\n<div class=\"wp-block-image\">\n<figure class=\"aligncenter size-large\"><img loading=\"lazy\" decoding=\"async\" width=\"1024\" height=\"669\" src=\"https:\/\/sagardeche.fr\/wordpress\/wp-content\/uploads\/2022\/11\/Registres-restaures-12-2015-R-scaled-e1668085037382-1024x669.jpg\" alt=\"\" class=\"wp-image-1738\" srcset=\"https:\/\/sagardeche.fr\/wordpress\/wp-content\/uploads\/2022\/11\/Registres-restaures-12-2015-R-scaled-e1668085037382-1024x669.jpg 1024w, https:\/\/sagardeche.fr\/wordpress\/wp-content\/uploads\/2022\/11\/Registres-restaures-12-2015-R-scaled-e1668085037382-300x196.jpg 300w, https:\/\/sagardeche.fr\/wordpress\/wp-content\/uploads\/2022\/11\/Registres-restaures-12-2015-R-scaled-e1668085037382-768x501.jpg 768w, https:\/\/sagardeche.fr\/wordpress\/wp-content\/uploads\/2022\/11\/Registres-restaures-12-2015-R-scaled-e1668085037382.jpg 1475w\" sizes=\"auto, (max-width: 1024px) 100vw, 1024px\" \/><figcaption>Remise de registres, Satillieu 14 d\u00e9cembre 2015, Hebdo de l&rsquo;Ard\u00e8che.<\/figcaption><\/figure><\/div>\n\n<div class=\"wp-block-image\">\n<figure class=\"aligncenter size-large\"><img loading=\"lazy\" decoding=\"async\" width=\"1024\" height=\"498\" src=\"https:\/\/sagardeche.fr\/wordpress\/wp-content\/uploads\/2022\/11\/2016-03-26-08.05.07-1024x498.png\" alt=\"\" class=\"wp-image-1724\" srcset=\"https:\/\/sagardeche.fr\/wordpress\/wp-content\/uploads\/2022\/11\/2016-03-26-08.05.07-1024x498.png 1024w, https:\/\/sagardeche.fr\/wordpress\/wp-content\/uploads\/2022\/11\/2016-03-26-08.05.07-300x146.png 300w, https:\/\/sagardeche.fr\/wordpress\/wp-content\/uploads\/2022\/11\/2016-03-26-08.05.07-768x373.png 768w, https:\/\/sagardeche.fr\/wordpress\/wp-content\/uploads\/2022\/11\/2016-03-26-08.05.07.png 1277w\" sizes=\"auto, (max-width: 1024px) 100vw, 1024px\" \/><figcaption>Assembl\u00e9e g\u00e9n\u00e9rale du 26 Mars 2016, Dauphin\u00e9 Lib\u00e9r\u00e9.<\/figcaption><\/figure><\/div>\n\n<div class=\"wp-block-image\">\n<figure class=\"aligncenter size-large\"><img loading=\"lazy\" decoding=\"async\" width=\"1024\" height=\"492\" src=\"https:\/\/sagardeche.fr\/wordpress\/wp-content\/uploads\/2022\/11\/20160620091927_00002-1024x492.jpg\" alt=\"\" class=\"wp-image-1726\" srcset=\"https:\/\/sagardeche.fr\/wordpress\/wp-content\/uploads\/2022\/11\/20160620091927_00002-1024x492.jpg 1024w, https:\/\/sagardeche.fr\/wordpress\/wp-content\/uploads\/2022\/11\/20160620091927_00002-300x144.jpg 300w, https:\/\/sagardeche.fr\/wordpress\/wp-content\/uploads\/2022\/11\/20160620091927_00002-768x369.jpg 768w, https:\/\/sagardeche.fr\/wordpress\/wp-content\/uploads\/2022\/11\/20160620091927_00002-1536x738.jpg 1536w, https:\/\/sagardeche.fr\/wordpress\/wp-content\/uploads\/2022\/11\/20160620091927_00002-2048x984.jpg 2048w\" sizes=\"auto, (max-width: 1024px) 100vw, 1024px\" \/><figcaption>20 juin 2016 Hommage \u00e0 Michel GUIGAL, Dauphin\u00e9 Lib\u00e9r\u00e9.<\/figcaption><\/figure><\/div>\n\n<div class=\"wp-block-image\">\n<figure class=\"aligncenter size-large\"><img loading=\"lazy\" decoding=\"async\" width=\"1024\" height=\"680\" src=\"https:\/\/sagardeche.fr\/wordpress\/wp-content\/uploads\/2022\/11\/20170629123949_00001-1024x680.jpg\" alt=\"\" class=\"wp-image-1728\" srcset=\"https:\/\/sagardeche.fr\/wordpress\/wp-content\/uploads\/2022\/11\/20170629123949_00001-1024x680.jpg 1024w, https:\/\/sagardeche.fr\/wordpress\/wp-content\/uploads\/2022\/11\/20170629123949_00001-300x199.jpg 300w, https:\/\/sagardeche.fr\/wordpress\/wp-content\/uploads\/2022\/11\/20170629123949_00001-768x510.jpg 768w, https:\/\/sagardeche.fr\/wordpress\/wp-content\/uploads\/2022\/11\/20170629123949_00001-1536x1020.jpg 1536w, https:\/\/sagardeche.fr\/wordpress\/wp-content\/uploads\/2022\/11\/20170629123949_00001-2048x1360.jpg 2048w\" sizes=\"auto, (max-width: 1024px) 100vw, 1024px\" \/><figcaption>8 juin 2017, Nouveau pr\u00e9sident pour la SAGA, Dauphin\u00e9 Lib\u00e9r\u00e9.<\/figcaption><\/figure><\/div>\n\n<div class=\"wp-block-image\">\n<figure class=\"aligncenter size-large\"><img loading=\"lazy\" decoding=\"async\" width=\"1024\" height=\"681\" src=\"https:\/\/sagardeche.fr\/wordpress\/wp-content\/uploads\/2022\/11\/20170627142438_00001-1024x681.jpg\" alt=\"\" class=\"wp-image-1727\" srcset=\"https:\/\/sagardeche.fr\/wordpress\/wp-content\/uploads\/2022\/11\/20170627142438_00001-1024x681.jpg 1024w, https:\/\/sagardeche.fr\/wordpress\/wp-content\/uploads\/2022\/11\/20170627142438_00001-300x199.jpg 300w, https:\/\/sagardeche.fr\/wordpress\/wp-content\/uploads\/2022\/11\/20170627142438_00001-768x510.jpg 768w, https:\/\/sagardeche.fr\/wordpress\/wp-content\/uploads\/2022\/11\/20170627142438_00001-1536x1021.jpg 1536w, https:\/\/sagardeche.fr\/wordpress\/wp-content\/uploads\/2022\/11\/20170627142438_00001-2048x1361.jpg 2048w\" sizes=\"auto, (max-width: 1024px) 100vw, 1024px\" \/><figcaption>15 juin 2017, Changement de pr\u00e9sidence, Hebdo de l&rsquo;Ard\u00e8che<\/figcaption><\/figure><\/div>\n\n<div class=\"wp-block-image\">\n<figure class=\"aligncenter size-large\"><img loading=\"lazy\" decoding=\"async\" width=\"1024\" height=\"645\" src=\"https:\/\/sagardeche.fr\/wordpress\/wp-content\/uploads\/2022\/11\/20170629135853_00001-1024x645.jpg\" alt=\"\" class=\"wp-image-1729\" srcset=\"https:\/\/sagardeche.fr\/wordpress\/wp-content\/uploads\/2022\/11\/20170629135853_00001-1024x645.jpg 1024w, https:\/\/sagardeche.fr\/wordpress\/wp-content\/uploads\/2022\/11\/20170629135853_00001-300x189.jpg 300w, https:\/\/sagardeche.fr\/wordpress\/wp-content\/uploads\/2022\/11\/20170629135853_00001-768x484.jpg 768w, https:\/\/sagardeche.fr\/wordpress\/wp-content\/uploads\/2022\/11\/20170629135853_00001.jpg 1063w\" sizes=\"auto, (max-width: 1024px) 100vw, 1024px\" \/><figcaption>29 juin 2017,  Changement de Bureau, Dauphin\u00e9 Lib\u00e9r\u00e9.<\/figcaption><\/figure><\/div>\n\n<div class=\"wp-block-image\">\n<figure class=\"aligncenter size-large\"><img loading=\"lazy\" decoding=\"async\" width=\"1024\" height=\"611\" src=\"https:\/\/sagardeche.fr\/wordpress\/wp-content\/uploads\/2022\/11\/20171017130033_00001-rotated-e1668095276996-1024x611.jpg\" alt=\"\" class=\"wp-image-1731\" srcset=\"https:\/\/sagardeche.fr\/wordpress\/wp-content\/uploads\/2022\/11\/20171017130033_00001-rotated-e1668095276996-1024x611.jpg 1024w, https:\/\/sagardeche.fr\/wordpress\/wp-content\/uploads\/2022\/11\/20171017130033_00001-rotated-e1668095276996-300x179.jpg 300w, https:\/\/sagardeche.fr\/wordpress\/wp-content\/uploads\/2022\/11\/20171017130033_00001-rotated-e1668095276996-768x459.jpg 768w, https:\/\/sagardeche.fr\/wordpress\/wp-content\/uploads\/2022\/11\/20171017130033_00001-rotated-e1668095276996-1536x917.jpg 1536w, https:\/\/sagardeche.fr\/wordpress\/wp-content\/uploads\/2022\/11\/20171017130033_00001-rotated-e1668095276996.jpg 1757w\" sizes=\"auto, (max-width: 1024px) 100vw, 1024px\" \/><figcaption>28 septembre 2017, conf\u00e9rence g\u00e9n\u00e9alogie, Dauphin\u00e9 Lib\u00e9r\u00e9.<\/figcaption><\/figure><\/div>\n\n<div class=\"wp-block-image\">\n<figure class=\"aligncenter size-large\"><img loading=\"lazy\" decoding=\"async\" width=\"1024\" height=\"551\" src=\"https:\/\/sagardeche.fr\/wordpress\/wp-content\/uploads\/2022\/11\/20171017130033_00002-rotated-e1668077556315-1024x551.jpg\" alt=\"\" class=\"wp-image-1732\" srcset=\"https:\/\/sagardeche.fr\/wordpress\/wp-content\/uploads\/2022\/11\/20171017130033_00002-rotated-e1668077556315-1024x551.jpg 1024w, https:\/\/sagardeche.fr\/wordpress\/wp-content\/uploads\/2022\/11\/20171017130033_00002-rotated-e1668077556315-300x161.jpg 300w, https:\/\/sagardeche.fr\/wordpress\/wp-content\/uploads\/2022\/11\/20171017130033_00002-rotated-e1668077556315-768x413.jpg 768w, https:\/\/sagardeche.fr\/wordpress\/wp-content\/uploads\/2022\/11\/20171017130033_00002-rotated-e1668077556315-1536x826.jpg 1536w, https:\/\/sagardeche.fr\/wordpress\/wp-content\/uploads\/2022\/11\/20171017130033_00002-rotated-e1668077556315.jpg 1780w\" sizes=\"auto, (max-width: 1024px) 100vw, 1024px\" \/><figcaption>17 octobre 2017, conf\u00e9rence g\u00e9n\u00e9alogie interg\u00e9n\u00e9rationnelle au Pouzin, Dauphin\u00e9 Lib\u00e9r\u00e9.<\/figcaption><\/figure><\/div>\n\n<div class=\"wp-block-image\">\n<figure class=\"aligncenter size-large\"><img loading=\"lazy\" decoding=\"async\" width=\"1024\" height=\"649\" src=\"https:\/\/sagardeche.fr\/wordpress\/wp-content\/uploads\/2022\/11\/Dauphine-Libere-du-03-05-2018-1024x649.jpg\" alt=\"\" class=\"wp-image-1736\" srcset=\"https:\/\/sagardeche.fr\/wordpress\/wp-content\/uploads\/2022\/11\/Dauphine-Libere-du-03-05-2018-1024x649.jpg 1024w, https:\/\/sagardeche.fr\/wordpress\/wp-content\/uploads\/2022\/11\/Dauphine-Libere-du-03-05-2018-300x190.jpg 300w, https:\/\/sagardeche.fr\/wordpress\/wp-content\/uploads\/2022\/11\/Dauphine-Libere-du-03-05-2018-768x487.jpg 768w, https:\/\/sagardeche.fr\/wordpress\/wp-content\/uploads\/2022\/11\/Dauphine-Libere-du-03-05-2018-1536x973.jpg 1536w, https:\/\/sagardeche.fr\/wordpress\/wp-content\/uploads\/2022\/11\/Dauphine-Libere-du-03-05-2018-2048x1298.jpg 2048w\" sizes=\"auto, (max-width: 1024px) 100vw, 1024px\" \/><figcaption>Sarras, 3 mai 2018, Conf\u00e9rence g\u00e9n\u00e9alogie, Dauphin\u00e9 Lib\u00e9r\u00e9<\/figcaption><\/figure><\/div>\n\n<div class=\"wp-block-image\">\n<figure class=\"aligncenter size-large\"><img loading=\"lazy\" decoding=\"async\" width=\"1024\" height=\"518\" src=\"https:\/\/sagardeche.fr\/wordpress\/wp-content\/uploads\/2022\/11\/20190805141941_00001-scaled-e1668077937971-1024x518.jpg\" alt=\"\" class=\"wp-image-1735\" srcset=\"https:\/\/sagardeche.fr\/wordpress\/wp-content\/uploads\/2022\/11\/20190805141941_00001-scaled-e1668077937971-1024x518.jpg 1024w, https:\/\/sagardeche.fr\/wordpress\/wp-content\/uploads\/2022\/11\/20190805141941_00001-scaled-e1668077937971-300x152.jpg 300w, https:\/\/sagardeche.fr\/wordpress\/wp-content\/uploads\/2022\/11\/20190805141941_00001-scaled-e1668077937971-768x389.jpg 768w, https:\/\/sagardeche.fr\/wordpress\/wp-content\/uploads\/2022\/11\/20190805141941_00001-scaled-e1668077937971-1536x778.jpg 1536w, https:\/\/sagardeche.fr\/wordpress\/wp-content\/uploads\/2022\/11\/20190805141941_00001-scaled-e1668077937971.jpg 2009w\" sizes=\"auto, (max-width: 1024px) 100vw, 1024px\" \/><figcaption>Privas, 3 ao\u00fbt 2019, les 30 ANS de la SAGA \u00e0 l&rsquo;H\u00f4tel du d\u00e9partement,,Dauphin\u00e9 Lib\u00e9r\u00e9.<\/figcaption><\/figure><\/div>\n\n<div class=\"wp-block-image\">\n<figure class=\"aligncenter size-large\"><img loading=\"lazy\" decoding=\"async\" width=\"848\" height=\"1024\" src=\"https:\/\/sagardeche.fr\/wordpress\/wp-content\/uploads\/2022\/09\/DL-20100411-848x1024.jpg\" alt=\"\" class=\"wp-image-1488\" srcset=\"https:\/\/sagardeche.fr\/wordpress\/wp-content\/uploads\/2022\/09\/DL-20100411-848x1024.jpg 848w, https:\/\/sagardeche.fr\/wordpress\/wp-content\/uploads\/2022\/09\/DL-20100411-248x300.jpg 248w, https:\/\/sagardeche.fr\/wordpress\/wp-content\/uploads\/2022\/09\/DL-20100411-768x928.jpg 768w, https:\/\/sagardeche.fr\/wordpress\/wp-content\/uploads\/2022\/09\/DL-20100411.jpg 1038w\" sizes=\"auto, (max-width: 848px) 100vw, 848px\" \/><figcaption>Sur le Dauphin\u00e9 Lib\u00e9r\u00e9 du 11 avril 2010<\/figcaption><\/figure><\/div>\n\n<div class=\"wp-block-image\">\n<figure class=\"aligncenter size-large\"><img loading=\"lazy\" decoding=\"async\" width=\"649\" height=\"1024\" src=\"https:\/\/sagardeche.fr\/wordpress\/wp-content\/uploads\/2023\/01\/011-649x1024.jpg\" alt=\"\" class=\"wp-image-1898\" srcset=\"https:\/\/sagardeche.fr\/wordpress\/wp-content\/uploads\/2023\/01\/011-649x1024.jpg 649w, https:\/\/sagardeche.fr\/wordpress\/wp-content\/uploads\/2023\/01\/011-190x300.jpg 190w, https:\/\/sagardeche.fr\/wordpress\/wp-content\/uploads\/2023\/01\/011-768x1211.jpg 768w, https:\/\/sagardeche.fr\/wordpress\/wp-content\/uploads\/2023\/01\/011-974x1536.jpg 974w, https:\/\/sagardeche.fr\/wordpress\/wp-content\/uploads\/2023\/01\/011-1299x2048.jpg 1299w, https:\/\/sagardeche.fr\/wordpress\/wp-content\/uploads\/2023\/01\/011-scaled.jpg 1623w\" sizes=\"auto, (max-width: 649px) 100vw, 649px\" \/><figcaption>Hebdo de l&rsquo;Ard\u00e8che 21 ao\u00fbt 2014<\/figcaption><\/figure><\/div>\n\n<div class=\"wp-block-image\">\n<figure class=\"aligncenter size-large\"><img loading=\"lazy\" decoding=\"async\" width=\"490\" height=\"1024\" src=\"https:\/\/sagardeche.fr\/wordpress\/wp-content\/uploads\/2023\/01\/010-490x1024.jpg\" alt=\"\" class=\"wp-image-1897\" srcset=\"https:\/\/sagardeche.fr\/wordpress\/wp-content\/uploads\/2023\/01\/010-490x1024.jpg 490w, https:\/\/sagardeche.fr\/wordpress\/wp-content\/uploads\/2023\/01\/010-144x300.jpg 144w, https:\/\/sagardeche.fr\/wordpress\/wp-content\/uploads\/2023\/01\/010-768x1605.jpg 768w, https:\/\/sagardeche.fr\/wordpress\/wp-content\/uploads\/2023\/01\/010-735x1536.jpg 735w, https:\/\/sagardeche.fr\/wordpress\/wp-content\/uploads\/2023\/01\/010-980x2048.jpg 980w, https:\/\/sagardeche.fr\/wordpress\/wp-content\/uploads\/2023\/01\/010-scaled.jpg 1225w\" sizes=\"auto, (max-width: 490px) 100vw, 490px\" \/><figcaption>Dauphin\u00e9 Lib\u00e9r\u00e9 2017<\/figcaption><\/figure><\/div>","protected":false},"excerpt":{"rendered":"","protected":false},"author":1,"featured_media":0,"parent":0,"menu_order":0,"comment_status":"closed","ping_status":"closed","template":"","meta":{"footnotes":""},"categories":[29],"tags":[],"class_list":["post-1487","page","type-page","status-publish","hentry","category-actualites"],"yoast_head":"<!-- This site is optimized with the Yoast SEO plugin v24.2 - https:\/\/yoast.com\/wordpress\/plugins\/seo\/ -->\n<title>La presse parle de nous - SagArdeche<\/title>\n<meta name=\"description\" content=\"La presse parle de nous SagArdeche Actualit\u00e9s Soci\u00e9t\u00e9 amateurs g\u00e9n\u00e9alogie Ard\u00e8che Registres BMS Notaires paroissiaux Origines Ard\u00e9choises expoactes saga protestants\" \/>\n<meta name=\"robots\" content=\"index, follow, max-snippet:-1, max-image-preview:large, max-video-preview:-1\" \/>\n<link rel=\"canonical\" href=\"https:\/\/sagardeche.fr\/wordpress\/index.php\/on-parle-de-nous\/\" \/>\n<meta property=\"og:locale\" content=\"fr_FR\" \/>\n<meta property=\"og:type\" content=\"article\" \/>\n<meta property=\"og:title\" content=\"La presse parle de nous - SagArdeche\" \/>\n<meta property=\"og:description\" content=\"La presse parle de nous SagArdeche Actualit\u00e9s Soci\u00e9t\u00e9 amateurs g\u00e9n\u00e9alogie Ard\u00e8che Registres BMS Notaires paroissiaux Origines Ard\u00e9choises expoactes saga protestants\" \/>\n<meta property=\"og:url\" content=\"https:\/\/sagardeche.fr\/wordpress\/index.php\/on-parle-de-nous\/\" \/>\n<meta property=\"og:site_name\" content=\"SagArdeche\" \/>\n<meta property=\"article:publisher\" content=\"https:\/\/www.facebook.com\/geneardeche\" \/>\n<meta property=\"article:modified_time\" content=\"2023-04-13T11:54:06+00:00\" \/>\n<meta property=\"og:image\" content=\"https:\/\/sagardeche.fr\/wordpress\/wp-content\/uploads\/2023\/02\/LA-TRIBUNE-726x1024.jpg\" \/>\n<meta name=\"twitter:card\" content=\"summary_large_image\" \/>\n<meta name=\"twitter:label1\" content=\"Dur\u00e9e de lecture estim\u00e9e\" \/>\n\t<meta name=\"twitter:data1\" content=\"8 minutes\" \/>\n<script type=\"application\/ld+json\" class=\"yoast-schema-graph\">{\"@context\":\"https:\/\/schema.org\",\"@graph\":[{\"@type\":\"WebPage\",\"@id\":\"https:\/\/sagardeche.fr\/wordpress\/index.php\/on-parle-de-nous\/\",\"url\":\"https:\/\/sagardeche.fr\/wordpress\/index.php\/on-parle-de-nous\/\",\"name\":\"La presse parle de nous - SagArdeche\",\"isPartOf\":{\"@id\":\"https:\/\/sagardeche.fr\/wordpress\/#website\"},\"primaryImageOfPage\":{\"@id\":\"https:\/\/sagardeche.fr\/wordpress\/index.php\/on-parle-de-nous\/#primaryimage\"},\"image\":{\"@id\":\"https:\/\/sagardeche.fr\/wordpress\/index.php\/on-parle-de-nous\/#primaryimage\"},\"thumbnailUrl\":\"https:\/\/sagardeche.fr\/wordpress\/wp-content\/uploads\/2023\/02\/LA-TRIBUNE-726x1024.jpg\",\"datePublished\":\"2022-09-25T13:24:54+00:00\",\"dateModified\":\"2023-04-13T11:54:06+00:00\",\"description\":\"La presse parle de nous SagArdeche Actualit\u00e9s Soci\u00e9t\u00e9 amateurs g\u00e9n\u00e9alogie Ard\u00e8che Registres BMS Notaires paroissiaux Origines Ard\u00e9choises expoactes saga protestants\",\"breadcrumb\":{\"@id\":\"https:\/\/sagardeche.fr\/wordpress\/index.php\/on-parle-de-nous\/#breadcrumb\"},\"inLanguage\":\"fr-FR\",\"potentialAction\":[{\"@type\":\"ReadAction\",\"target\":[\"https:\/\/sagardeche.fr\/wordpress\/index.php\/on-parle-de-nous\/\"]}]},{\"@type\":\"ImageObject\",\"inLanguage\":\"fr-FR\",\"@id\":\"https:\/\/sagardeche.fr\/wordpress\/index.php\/on-parle-de-nous\/#primaryimage\",\"url\":\"https:\/\/sagardeche.fr\/wordpress\/wp-content\/uploads\/2023\/02\/LA-TRIBUNE.jpg\",\"contentUrl\":\"https:\/\/sagardeche.fr\/wordpress\/wp-content\/uploads\/2023\/02\/LA-TRIBUNE.jpg\",\"width\":1756,\"height\":2476},{\"@type\":\"BreadcrumbList\",\"@id\":\"https:\/\/sagardeche.fr\/wordpress\/index.php\/on-parle-de-nous\/#breadcrumb\",\"itemListElement\":[{\"@type\":\"ListItem\",\"position\":1,\"name\":\"Accueil\",\"item\":\"https:\/\/sagardeche.fr\/wordpress\/\"},{\"@type\":\"ListItem\",\"position\":2,\"name\":\"La presse parle de nous\"}]},{\"@type\":\"WebSite\",\"@id\":\"https:\/\/sagardeche.fr\/wordpress\/#website\",\"url\":\"https:\/\/sagardeche.fr\/wordpress\/\",\"name\":\"SagArdeche\",\"description\":\"Soci\u00e9t\u00e9 des Amateurs de G\u00e9n\u00e9alogie de l&#039;Ard\u00e8che\",\"publisher\":{\"@id\":\"https:\/\/sagardeche.fr\/wordpress\/#organization\"},\"alternateName\":\"saga\",\"potentialAction\":[{\"@type\":\"SearchAction\",\"target\":{\"@type\":\"EntryPoint\",\"urlTemplate\":\"https:\/\/sagardeche.fr\/wordpress\/?s={search_term_string}\"},\"query-input\":{\"@type\":\"PropertyValueSpecification\",\"valueRequired\":true,\"valueName\":\"search_term_string\"}}],\"inLanguage\":\"fr-FR\"},{\"@type\":\"Organization\",\"@id\":\"https:\/\/sagardeche.fr\/wordpress\/#organization\",\"name\":\"Soci\u00e9t\u00e9 des Amateurs de G\u00e9n\u00e9alogie de l'Ard\u00e8che\",\"alternateName\":\"SAGA\",\"url\":\"https:\/\/sagardeche.fr\/wordpress\/\",\"logo\":{\"@type\":\"ImageObject\",\"inLanguage\":\"fr-FR\",\"@id\":\"https:\/\/sagardeche.fr\/wordpress\/#\/schema\/logo\/image\/\",\"url\":\"https:\/\/sagardeche.fr\/wordpress\/wp-content\/uploads\/2022\/06\/cropped-LogoSAGA3-1.jpg\",\"contentUrl\":\"https:\/\/sagardeche.fr\/wordpress\/wp-content\/uploads\/2022\/06\/cropped-LogoSAGA3-1.jpg\",\"width\":50,\"height\":80,\"caption\":\"Soci\u00e9t\u00e9 des Amateurs de G\u00e9n\u00e9alogie de l'Ard\u00e8che\"},\"image\":{\"@id\":\"https:\/\/sagardeche.fr\/wordpress\/#\/schema\/logo\/image\/\"},\"sameAs\":[\"https:\/\/www.facebook.com\/geneardeche\"]}]}<\/script>\n<!-- \/ Yoast SEO plugin. -->","yoast_head_json":{"title":"La presse parle de nous - SagArdeche","description":"La presse parle de nous SagArdeche Actualit\u00e9s Soci\u00e9t\u00e9 amateurs g\u00e9n\u00e9alogie Ard\u00e8che Registres BMS Notaires paroissiaux Origines Ard\u00e9choises expoactes saga protestants","robots":{"index":"index","follow":"follow","max-snippet":"max-snippet:-1","max-image-preview":"max-image-preview:large","max-video-preview":"max-video-preview:-1"},"canonical":"https:\/\/sagardeche.fr\/wordpress\/index.php\/on-parle-de-nous\/","og_locale":"fr_FR","og_type":"article","og_title":"La presse parle de nous - SagArdeche","og_description":"La presse parle de nous SagArdeche Actualit\u00e9s Soci\u00e9t\u00e9 amateurs g\u00e9n\u00e9alogie Ard\u00e8che Registres BMS Notaires paroissiaux Origines Ard\u00e9choises expoactes saga protestants","og_url":"https:\/\/sagardeche.fr\/wordpress\/index.php\/on-parle-de-nous\/","og_site_name":"SagArdeche","article_publisher":"https:\/\/www.facebook.com\/geneardeche","article_modified_time":"2023-04-13T11:54:06+00:00","og_image":[{"url":"https:\/\/sagardeche.fr\/wordpress\/wp-content\/uploads\/2023\/02\/LA-TRIBUNE-726x1024.jpg","type":"","width":"","height":""}],"twitter_card":"summary_large_image","twitter_misc":{"Dur\u00e9e de lecture estim\u00e9e":"8 minutes"},"schema":{"@context":"https:\/\/schema.org","@graph":[{"@type":"WebPage","@id":"https:\/\/sagardeche.fr\/wordpress\/index.php\/on-parle-de-nous\/","url":"https:\/\/sagardeche.fr\/wordpress\/index.php\/on-parle-de-nous\/","name":"La presse parle de nous - SagArdeche","isPartOf":{"@id":"https:\/\/sagardeche.fr\/wordpress\/#website"},"primaryImageOfPage":{"@id":"https:\/\/sagardeche.fr\/wordpress\/index.php\/on-parle-de-nous\/#primaryimage"},"image":{"@id":"https:\/\/sagardeche.fr\/wordpress\/index.php\/on-parle-de-nous\/#primaryimage"},"thumbnailUrl":"https:\/\/sagardeche.fr\/wordpress\/wp-content\/uploads\/2023\/02\/LA-TRIBUNE-726x1024.jpg","datePublished":"2022-09-25T13:24:54+00:00","dateModified":"2023-04-13T11:54:06+00:00","description":"La presse parle de nous SagArdeche Actualit\u00e9s Soci\u00e9t\u00e9 amateurs g\u00e9n\u00e9alogie Ard\u00e8che Registres BMS Notaires paroissiaux Origines Ard\u00e9choises expoactes saga protestants","breadcrumb":{"@id":"https:\/\/sagardeche.fr\/wordpress\/index.php\/on-parle-de-nous\/#breadcrumb"},"inLanguage":"fr-FR","potentialAction":[{"@type":"ReadAction","target":["https:\/\/sagardeche.fr\/wordpress\/index.php\/on-parle-de-nous\/"]}]},{"@type":"ImageObject","inLanguage":"fr-FR","@id":"https:\/\/sagardeche.fr\/wordpress\/index.php\/on-parle-de-nous\/#primaryimage","url":"https:\/\/sagardeche.fr\/wordpress\/wp-content\/uploads\/2023\/02\/LA-TRIBUNE.jpg","contentUrl":"https:\/\/sagardeche.fr\/wordpress\/wp-content\/uploads\/2023\/02\/LA-TRIBUNE.jpg","width":1756,"height":2476},{"@type":"BreadcrumbList","@id":"https:\/\/sagardeche.fr\/wordpress\/index.php\/on-parle-de-nous\/#breadcrumb","itemListElement":[{"@type":"ListItem","position":1,"name":"Accueil","item":"https:\/\/sagardeche.fr\/wordpress\/"},{"@type":"ListItem","position":2,"name":"La presse parle de nous"}]},{"@type":"WebSite","@id":"https:\/\/sagardeche.fr\/wordpress\/#website","url":"https:\/\/sagardeche.fr\/wordpress\/","name":"SagArdeche","description":"Soci\u00e9t\u00e9 des Amateurs de G\u00e9n\u00e9alogie de l&#039;Ard\u00e8che","publisher":{"@id":"https:\/\/sagardeche.fr\/wordpress\/#organization"},"alternateName":"saga","potentialAction":[{"@type":"SearchAction","target":{"@type":"EntryPoint","urlTemplate":"https:\/\/sagardeche.fr\/wordpress\/?s={search_term_string}"},"query-input":{"@type":"PropertyValueSpecification","valueRequired":true,"valueName":"search_term_string"}}],"inLanguage":"fr-FR"},{"@type":"Organization","@id":"https:\/\/sagardeche.fr\/wordpress\/#organization","name":"Soci\u00e9t\u00e9 des Amateurs de G\u00e9n\u00e9alogie de l'Ard\u00e8che","alternateName":"SAGA","url":"https:\/\/sagardeche.fr\/wordpress\/","logo":{"@type":"ImageObject","inLanguage":"fr-FR","@id":"https:\/\/sagardeche.fr\/wordpress\/#\/schema\/logo\/image\/","url":"https:\/\/sagardeche.fr\/wordpress\/wp-content\/uploads\/2022\/06\/cropped-LogoSAGA3-1.jpg","contentUrl":"https:\/\/sagardeche.fr\/wordpress\/wp-content\/uploads\/2022\/06\/cropped-LogoSAGA3-1.jpg","width":50,"height":80,"caption":"Soci\u00e9t\u00e9 des Amateurs de G\u00e9n\u00e9alogie de l'Ard\u00e8che"},"image":{"@id":"https:\/\/sagardeche.fr\/wordpress\/#\/schema\/logo\/image\/"},"sameAs":["https:\/\/www.facebook.com\/geneardeche"]}]}},"_links":{"self":[{"href":"https:\/\/sagardeche.fr\/wordpress\/index.php\/wp-json\/wp\/v2\/pages\/1487","targetHints":{"allow":["GET"]}}],"collection":[{"href":"https:\/\/sagardeche.fr\/wordpress\/index.php\/wp-json\/wp\/v2\/pages"}],"about":[{"href":"https:\/\/sagardeche.fr\/wordpress\/index.php\/wp-json\/wp\/v2\/types\/page"}],"author":[{"embeddable":true,"href":"https:\/\/sagardeche.fr\/wordpress\/index.php\/wp-json\/wp\/v2\/users\/1"}],"replies":[{"embeddable":true,"href":"https:\/\/sagardeche.fr\/wordpress\/index.php\/wp-json\/wp\/v2\/comments?post=1487"}],"version-history":[{"count":39,"href":"https:\/\/sagardeche.fr\/wordpress\/index.php\/wp-json\/wp\/v2\/pages\/1487\/revisions"}],"predecessor-version":[{"id":2605,"href":"https:\/\/sagardeche.fr\/wordpress\/index.php\/wp-json\/wp\/v2\/pages\/1487\/revisions\/2605"}],"wp:attachment":[{"href":"https:\/\/sagardeche.fr\/wordpress\/index.php\/wp-json\/wp\/v2\/media?parent=1487"}],"wp:term":[{"taxonomy":"category","embeddable":true,"href":"https:\/\/sagardeche.fr\/wordpress\/index.php\/wp-json\/wp\/v2\/categories?post=1487"},{"taxonomy":"post_tag","embeddable":true,"href":"https:\/\/sagardeche.fr\/wordpress\/index.php\/wp-json\/wp\/v2\/tags?post=1487"}],"curies":[{"name":"wp","href":"https:\/\/api.w.org\/{rel}","templated":true}]}}