{"id":1193,"date":"2022-09-16T16:06:16","date_gmt":"2022-09-16T14:06:16","guid":{"rendered":"https:\/\/sagardeche.fr\/wordpress\/?page_id=1193"},"modified":"2022-09-17T15:19:09","modified_gmt":"2022-09-17T13:19:09","slug":"au-fil-des-registres-ou-des-journaux","status":"publish","type":"page","link":"https:\/\/sagardeche.fr\/wordpress\/index.php\/au-fil-des-registres-ou-des-journaux\/","title":{"rendered":"Au fil des registres ou des journaux"},"content":{"rendered":"\n<p class=\"has-text-align-center\">Au synode de novembre 1724 \u00e0 Viviers, il est demand\u00e9 aux cur\u00e9s de tenir 2 registres bms , un pour les archives du dioc\u00e8se et un en cure comme d&rsquo;habitude.<\/p>\n\n\n<div class=\"wp-block-image\">\n<figure class=\"aligncenter\"><img decoding=\"async\" src=\"https:\/\/sagardeche.fr\/sagardeche\/images\/articles\/Actes_et_documents_particuliers\/93967AD1_535E_4850_8491_41E5C19424CF.jpeg\" alt=\"photo : 93967AD1_535E_4850_8491_41E5C19424CF.jpeg\" title=\"93967AD1_535E_4850_8491_41E5C19424CF.jpeg\"\/><\/figure><\/div>\n\n\n<p class=\"has-text-align-center\">Caramba, encore rat\u00e9 !<\/p>\n\n\n<div class=\"wp-block-image\">\n<figure class=\"aligncenter\"><img decoding=\"async\" src=\"https:\/\/sagardeche.fr\/sagardeche\/images\/articles\/Actes_et_documents_particuliers\/Caramba3.jpg\" alt=\"photo : Caramba3.jpg\" title=\"Caramba3.jpg\"\/><\/figure><\/div>\n\n\n<p class=\"has-text-align-center\">Pr\u00e9nom de nom<\/p>\n\n\n<div class=\"wp-block-image\">\n<figure class=\"aligncenter\"><img decoding=\"async\" src=\"https:\/\/sagardeche.fr\/sagardeche\/images\/articles\/Actes_et_documents_particuliers\/Penom_de_nom3.jpg\" alt=\"photo : Penom_de_nom3.jpg\" title=\"Penom_de_nom3.jpg\"\/><\/figure><\/div>\n\n\n<p class=\"has-text-align-center\">En avoir ou pas&#8230;.<\/p>\n\n\n<div class=\"wp-block-image\">\n<figure class=\"aligncenter\"><img decoding=\"async\" src=\"https:\/\/sagardeche.fr\/sagardeche\/images\/articles\/Actes_et_documents_particuliers\/En_avoir_ou_pas_....jpg\" alt=\"photo : En_avoir_ou_pas_....jpg\" title=\"En_avoir_ou_pas_....jpg\"\/><\/figure><\/div>\n\n\n<p class=\"has-text-align-center\">Mariage pour tous, d\u00e9j\u00e0 ?<\/p>\n\n\n<div class=\"wp-block-image\">\n<figure class=\"aligncenter\"><img decoding=\"async\" src=\"https:\/\/sagardeche.fr\/sagardeche\/images\/articles\/Actes_et_documents_particuliers\/Le_mariage_pour_tous_deja.JPG\" alt=\"photo : Le_mariage_pour_tous_deja.JPG\" title=\"Le_mariage_pour_tous_deja.JPG\"\/><\/figure><\/div>\n\n\n<p class=\"has-text-align-center\">Recherche p\u00e8re d\u00e9sesp\u00e9r\u00e9ment<\/p>\n\n\n<div class=\"wp-block-image\">\n<figure class=\"aligncenter\"><img decoding=\"async\" src=\"https:\/\/sagardeche.fr\/sagardeche\/images\/articles\/Actes_et_documents_particuliers\/Recherche_pere_desesperement3.jpg\" alt=\"photo : Recherche_pere_desesperement3.jpg\" title=\"Recherche_pere_desesperement3.jpg\"\/><\/figure><\/div>\n\n\n<p class=\"has-text-align-center\">Vite, vite !<\/p>\n\n\n<div class=\"wp-block-image\">\n<figure class=\"aligncenter size-full\"><img loading=\"lazy\" decoding=\"async\" width=\"366\" height=\"400\" src=\"https:\/\/sagardeche.fr\/wordpress\/wp-content\/uploads\/2022\/09\/Vite_vite3.jpg\" alt=\"\" class=\"wp-image-1194\" srcset=\"https:\/\/sagardeche.fr\/wordpress\/wp-content\/uploads\/2022\/09\/Vite_vite3.jpg 366w, https:\/\/sagardeche.fr\/wordpress\/wp-content\/uploads\/2022\/09\/Vite_vite3-275x300.jpg 275w\" sizes=\"auto, (max-width: 366px) 100vw, 366px\" \/><\/figure><\/div>\n\n\n<p class=\"has-text-align-center\">P\u00e8re et fille<\/p>\n\n\n<div class=\"wp-block-image\">\n<figure class=\"aligncenter\"><img decoding=\"async\" src=\"https:\/\/sagardeche.fr\/sagardeche\/images\/articles\/Actes_et_documents_particuliers\/Pere_et_fille3.jpg\" alt=\"photo : Pere_et_fille3.jpg\" title=\"Pere_et_fille3.jpg\"\/><\/figure><\/div>\n\n\n<p class=\"has-text-align-center\">Maladies mortelles<\/p>\n\n\n<div class=\"wp-block-image\">\n<figure class=\"aligncenter\"><img decoding=\"async\" src=\"https:\/\/sagardeche.fr\/sagardeche\/images\/articles\/Actes_et_documents_particuliers\/Maladies.jpg\" alt=\"photo : Maladies.jpg\" title=\"Maladies.jpg\"\/><\/figure><\/div>\n\n\n<p class=\"has-text-align-center\">Immigration, d\u00e9j\u00e0 ?<\/p>\n\n\n<div class=\"wp-block-image\">\n<figure class=\"aligncenter\"><img decoding=\"async\" src=\"https:\/\/sagardeche.fr\/sagardeche\/images\/articles\/Actes_et_documents_particuliers\/Tournon_07_1889.JPG\" alt=\"photo : Tournon_07_1889.JPG\" title=\"Tournon_07_1889.JPG\"\/><\/figure><\/div>\n\n\n<p class=\"has-text-align-center\">Billet de 5 sous de Chom\u00e9rac<\/p>\n\n\n<div class=\"wp-block-image\">\n<figure class=\"aligncenter\"><img decoding=\"async\" src=\"https:\/\/sagardeche.fr\/sagardeche\/images\/articles\/Actes_et_documents_particuliers\/Assignat.JPG\" alt=\"photo : Assignat.JPG\" title=\"Assignat.JPG\"\/><\/figure><\/div>\n\n\n<p class=\"has-text-align-center\">Exemple d&rsquo;abjuration<\/p>\n\n\n<div class=\"wp-block-image\">\n<figure class=\"aligncenter\"><img decoding=\"async\" src=\"https:\/\/sagardeche.fr\/sagardeche\/images\/articles\/Actes_et_documents_particuliers\/Abjuration_Pierre_CROIXET3.jpg\" alt=\"photo : Abjuration_Pierre_CROIXET3.jpg\" title=\"Abjuration_Pierre_CROIXET3.jpg\"\/><\/figure><\/div>\n\n\n<p class=\"has-text-align-center\">Refus du serment constitutionnel<\/p>\n\n\n<div class=\"wp-block-image\">\n<figure class=\"aligncenter\"><img decoding=\"async\" src=\"https:\/\/sagardeche.fr\/sagardeche\/images\/articles\/Actes_et_documents_particuliers\/Refus3.jpg\" alt=\"photo : Refus3.jpg\" title=\"Refus3.jpg\"\/><\/figure><\/div>","protected":false},"excerpt":{"rendered":"<p>Au synode de novembre 1724 \u00e0 Viviers, il est demand\u00e9 aux cur\u00e9s de tenir 2 registres bms , un pour les archives du dioc\u00e8se et un en cure comme d&rsquo;habitude. Caramba, encore rat\u00e9 ! Pr\u00e9nom de nom En avoir ou pas&#8230;. Mariage pour tous, d\u00e9j\u00e0 ? Recherche p\u00e8re d\u00e9sesp\u00e9r\u00e9ment Vite, vite ! P\u00e8re et fille [&hellip;]<\/p>\n","protected":false},"author":1,"featured_media":0,"parent":0,"menu_order":0,"comment_status":"closed","ping_status":"closed","template":"","meta":{"footnotes":""},"categories":[4],"tags":[],"class_list":["post-1193","page","type-page","status-publish","hentry","category-dossiers"],"yoast_head":"<!-- This site is optimized with the Yoast SEO plugin v24.2 - https:\/\/yoast.com\/wordpress\/plugins\/seo\/ -->\n<title>Au fil des registres ou des journaux - SagArdeche<\/title>\n<meta name=\"description\" content=\"Au fil des registres ou des journaux SagArdeche Soci\u00e9t\u00e9 amateurs g\u00e9n\u00e9alogie Ard\u00e8che Registres BMS Notaires paroissiaux Origines Ard\u00e9choises expoactes saga protestants\" \/>\n<meta name=\"robots\" content=\"index, follow, max-snippet:-1, max-image-preview:large, max-video-preview:-1\" \/>\n<link rel=\"canonical\" href=\"https:\/\/sagardeche.fr\/wordpress\/index.php\/au-fil-des-registres-ou-des-journaux\/\" \/>\n<meta property=\"og:locale\" content=\"fr_FR\" \/>\n<meta property=\"og:type\" content=\"article\" \/>\n<meta property=\"og:title\" content=\"Au fil des registres ou des journaux - SagArdeche\" \/>\n<meta property=\"og:description\" content=\"Au fil des registres ou des journaux SagArdeche Soci\u00e9t\u00e9 amateurs g\u00e9n\u00e9alogie Ard\u00e8che Registres BMS Notaires paroissiaux Origines Ard\u00e9choises expoactes saga protestants\" \/>\n<meta property=\"og:url\" content=\"https:\/\/sagardeche.fr\/wordpress\/index.php\/au-fil-des-registres-ou-des-journaux\/\" \/>\n<meta property=\"og:site_name\" content=\"SagArdeche\" \/>\n<meta property=\"article:publisher\" content=\"https:\/\/www.facebook.com\/geneardeche\" \/>\n<meta property=\"article:modified_time\" content=\"2022-09-17T13:19:09+00:00\" \/>\n<meta property=\"og:image\" content=\"https:\/\/sagardeche.fr\/sagardeche\/images\/articles\/Actes_et_documents_particuliers\/93967AD1_535E_4850_8491_41E5C19424CF.jpeg\" \/>\n<meta name=\"twitter:card\" content=\"summary_large_image\" \/>\n<script type=\"application\/ld+json\" class=\"yoast-schema-graph\">{\"@context\":\"https:\/\/schema.org\",\"@graph\":[{\"@type\":\"WebPage\",\"@id\":\"https:\/\/sagardeche.fr\/wordpress\/index.php\/au-fil-des-registres-ou-des-journaux\/\",\"url\":\"https:\/\/sagardeche.fr\/wordpress\/index.php\/au-fil-des-registres-ou-des-journaux\/\",\"name\":\"Au fil des registres ou des journaux - SagArdeche\",\"isPartOf\":{\"@id\":\"https:\/\/sagardeche.fr\/wordpress\/#website\"},\"primaryImageOfPage\":{\"@id\":\"https:\/\/sagardeche.fr\/wordpress\/index.php\/au-fil-des-registres-ou-des-journaux\/#primaryimage\"},\"image\":{\"@id\":\"https:\/\/sagardeche.fr\/wordpress\/index.php\/au-fil-des-registres-ou-des-journaux\/#primaryimage\"},\"thumbnailUrl\":\"https:\/\/sagardeche.fr\/sagardeche\/images\/articles\/Actes_et_documents_particuliers\/93967AD1_535E_4850_8491_41E5C19424CF.jpeg\",\"datePublished\":\"2022-09-16T14:06:16+00:00\",\"dateModified\":\"2022-09-17T13:19:09+00:00\",\"description\":\"Au fil des registres ou des journaux SagArdeche Soci\u00e9t\u00e9 amateurs g\u00e9n\u00e9alogie Ard\u00e8che Registres BMS Notaires paroissiaux Origines Ard\u00e9choises expoactes saga protestants\",\"breadcrumb\":{\"@id\":\"https:\/\/sagardeche.fr\/wordpress\/index.php\/au-fil-des-registres-ou-des-journaux\/#breadcrumb\"},\"inLanguage\":\"fr-FR\",\"potentialAction\":[{\"@type\":\"ReadAction\",\"target\":[\"https:\/\/sagardeche.fr\/wordpress\/index.php\/au-fil-des-registres-ou-des-journaux\/\"]}]},{\"@type\":\"ImageObject\",\"inLanguage\":\"fr-FR\",\"@id\":\"https:\/\/sagardeche.fr\/wordpress\/index.php\/au-fil-des-registres-ou-des-journaux\/#primaryimage\",\"url\":\"https:\/\/sagardeche.fr\/sagardeche\/images\/articles\/Actes_et_documents_particuliers\/93967AD1_535E_4850_8491_41E5C19424CF.jpeg\",\"contentUrl\":\"https:\/\/sagardeche.fr\/sagardeche\/images\/articles\/Actes_et_documents_particuliers\/93967AD1_535E_4850_8491_41E5C19424CF.jpeg\"},{\"@type\":\"BreadcrumbList\",\"@id\":\"https:\/\/sagardeche.fr\/wordpress\/index.php\/au-fil-des-registres-ou-des-journaux\/#breadcrumb\",\"itemListElement\":[{\"@type\":\"ListItem\",\"position\":1,\"name\":\"Accueil\",\"item\":\"https:\/\/sagardeche.fr\/wordpress\/\"},{\"@type\":\"ListItem\",\"position\":2,\"name\":\"Au fil des registres ou des journaux\"}]},{\"@type\":\"WebSite\",\"@id\":\"https:\/\/sagardeche.fr\/wordpress\/#website\",\"url\":\"https:\/\/sagardeche.fr\/wordpress\/\",\"name\":\"SagArdeche\",\"description\":\"Soci\u00e9t\u00e9 des Amateurs de G\u00e9n\u00e9alogie de l&#039;Ard\u00e8che\",\"publisher\":{\"@id\":\"https:\/\/sagardeche.fr\/wordpress\/#organization\"},\"alternateName\":\"saga\",\"potentialAction\":[{\"@type\":\"SearchAction\",\"target\":{\"@type\":\"EntryPoint\",\"urlTemplate\":\"https:\/\/sagardeche.fr\/wordpress\/?s={search_term_string}\"},\"query-input\":{\"@type\":\"PropertyValueSpecification\",\"valueRequired\":true,\"valueName\":\"search_term_string\"}}],\"inLanguage\":\"fr-FR\"},{\"@type\":\"Organization\",\"@id\":\"https:\/\/sagardeche.fr\/wordpress\/#organization\",\"name\":\"Soci\u00e9t\u00e9 des Amateurs de G\u00e9n\u00e9alogie de l'Ard\u00e8che\",\"alternateName\":\"SAGA\",\"url\":\"https:\/\/sagardeche.fr\/wordpress\/\",\"logo\":{\"@type\":\"ImageObject\",\"inLanguage\":\"fr-FR\",\"@id\":\"https:\/\/sagardeche.fr\/wordpress\/#\/schema\/logo\/image\/\",\"url\":\"https:\/\/sagardeche.fr\/wordpress\/wp-content\/uploads\/2022\/06\/cropped-LogoSAGA3-1.jpg\",\"contentUrl\":\"https:\/\/sagardeche.fr\/wordpress\/wp-content\/uploads\/2022\/06\/cropped-LogoSAGA3-1.jpg\",\"width\":50,\"height\":80,\"caption\":\"Soci\u00e9t\u00e9 des Amateurs de G\u00e9n\u00e9alogie de l'Ard\u00e8che\"},\"image\":{\"@id\":\"https:\/\/sagardeche.fr\/wordpress\/#\/schema\/logo\/image\/\"},\"sameAs\":[\"https:\/\/www.facebook.com\/geneardeche\"]}]}<\/script>\n<!-- \/ Yoast SEO plugin. -->","yoast_head_json":{"title":"Au fil des registres ou des journaux - SagArdeche","description":"Au fil des registres ou des journaux SagArdeche Soci\u00e9t\u00e9 amateurs g\u00e9n\u00e9alogie Ard\u00e8che Registres BMS Notaires paroissiaux Origines Ard\u00e9choises expoactes saga protestants","robots":{"index":"index","follow":"follow","max-snippet":"max-snippet:-1","max-image-preview":"max-image-preview:large","max-video-preview":"max-video-preview:-1"},"canonical":"https:\/\/sagardeche.fr\/wordpress\/index.php\/au-fil-des-registres-ou-des-journaux\/","og_locale":"fr_FR","og_type":"article","og_title":"Au fil des registres ou des journaux - SagArdeche","og_description":"Au fil des registres ou des journaux SagArdeche Soci\u00e9t\u00e9 amateurs g\u00e9n\u00e9alogie Ard\u00e8che Registres BMS Notaires paroissiaux Origines Ard\u00e9choises expoactes saga protestants","og_url":"https:\/\/sagardeche.fr\/wordpress\/index.php\/au-fil-des-registres-ou-des-journaux\/","og_site_name":"SagArdeche","article_publisher":"https:\/\/www.facebook.com\/geneardeche","article_modified_time":"2022-09-17T13:19:09+00:00","og_image":[{"url":"https:\/\/sagardeche.fr\/sagardeche\/images\/articles\/Actes_et_documents_particuliers\/93967AD1_535E_4850_8491_41E5C19424CF.jpeg","type":"","width":"","height":""}],"twitter_card":"summary_large_image","schema":{"@context":"https:\/\/schema.org","@graph":[{"@type":"WebPage","@id":"https:\/\/sagardeche.fr\/wordpress\/index.php\/au-fil-des-registres-ou-des-journaux\/","url":"https:\/\/sagardeche.fr\/wordpress\/index.php\/au-fil-des-registres-ou-des-journaux\/","name":"Au fil des registres ou des journaux - SagArdeche","isPartOf":{"@id":"https:\/\/sagardeche.fr\/wordpress\/#website"},"primaryImageOfPage":{"@id":"https:\/\/sagardeche.fr\/wordpress\/index.php\/au-fil-des-registres-ou-des-journaux\/#primaryimage"},"image":{"@id":"https:\/\/sagardeche.fr\/wordpress\/index.php\/au-fil-des-registres-ou-des-journaux\/#primaryimage"},"thumbnailUrl":"https:\/\/sagardeche.fr\/sagardeche\/images\/articles\/Actes_et_documents_particuliers\/93967AD1_535E_4850_8491_41E5C19424CF.jpeg","datePublished":"2022-09-16T14:06:16+00:00","dateModified":"2022-09-17T13:19:09+00:00","description":"Au fil des registres ou des journaux SagArdeche Soci\u00e9t\u00e9 amateurs g\u00e9n\u00e9alogie Ard\u00e8che Registres BMS Notaires paroissiaux Origines Ard\u00e9choises expoactes saga protestants","breadcrumb":{"@id":"https:\/\/sagardeche.fr\/wordpress\/index.php\/au-fil-des-registres-ou-des-journaux\/#breadcrumb"},"inLanguage":"fr-FR","potentialAction":[{"@type":"ReadAction","target":["https:\/\/sagardeche.fr\/wordpress\/index.php\/au-fil-des-registres-ou-des-journaux\/"]}]},{"@type":"ImageObject","inLanguage":"fr-FR","@id":"https:\/\/sagardeche.fr\/wordpress\/index.php\/au-fil-des-registres-ou-des-journaux\/#primaryimage","url":"https:\/\/sagardeche.fr\/sagardeche\/images\/articles\/Actes_et_documents_particuliers\/93967AD1_535E_4850_8491_41E5C19424CF.jpeg","contentUrl":"https:\/\/sagardeche.fr\/sagardeche\/images\/articles\/Actes_et_documents_particuliers\/93967AD1_535E_4850_8491_41E5C19424CF.jpeg"},{"@type":"BreadcrumbList","@id":"https:\/\/sagardeche.fr\/wordpress\/index.php\/au-fil-des-registres-ou-des-journaux\/#breadcrumb","itemListElement":[{"@type":"ListItem","position":1,"name":"Accueil","item":"https:\/\/sagardeche.fr\/wordpress\/"},{"@type":"ListItem","position":2,"name":"Au fil des registres ou des journaux"}]},{"@type":"WebSite","@id":"https:\/\/sagardeche.fr\/wordpress\/#website","url":"https:\/\/sagardeche.fr\/wordpress\/","name":"SagArdeche","description":"Soci\u00e9t\u00e9 des Amateurs de G\u00e9n\u00e9alogie de l&#039;Ard\u00e8che","publisher":{"@id":"https:\/\/sagardeche.fr\/wordpress\/#organization"},"alternateName":"saga","potentialAction":[{"@type":"SearchAction","target":{"@type":"EntryPoint","urlTemplate":"https:\/\/sagardeche.fr\/wordpress\/?s={search_term_string}"},"query-input":{"@type":"PropertyValueSpecification","valueRequired":true,"valueName":"search_term_string"}}],"inLanguage":"fr-FR"},{"@type":"Organization","@id":"https:\/\/sagardeche.fr\/wordpress\/#organization","name":"Soci\u00e9t\u00e9 des Amateurs de G\u00e9n\u00e9alogie de l'Ard\u00e8che","alternateName":"SAGA","url":"https:\/\/sagardeche.fr\/wordpress\/","logo":{"@type":"ImageObject","inLanguage":"fr-FR","@id":"https:\/\/sagardeche.fr\/wordpress\/#\/schema\/logo\/image\/","url":"https:\/\/sagardeche.fr\/wordpress\/wp-content\/uploads\/2022\/06\/cropped-LogoSAGA3-1.jpg","contentUrl":"https:\/\/sagardeche.fr\/wordpress\/wp-content\/uploads\/2022\/06\/cropped-LogoSAGA3-1.jpg","width":50,"height":80,"caption":"Soci\u00e9t\u00e9 des Amateurs de G\u00e9n\u00e9alogie de l'Ard\u00e8che"},"image":{"@id":"https:\/\/sagardeche.fr\/wordpress\/#\/schema\/logo\/image\/"},"sameAs":["https:\/\/www.facebook.com\/geneardeche"]}]}},"_links":{"self":[{"href":"https:\/\/sagardeche.fr\/wordpress\/index.php\/wp-json\/wp\/v2\/pages\/1193","targetHints":{"allow":["GET"]}}],"collection":[{"href":"https:\/\/sagardeche.fr\/wordpress\/index.php\/wp-json\/wp\/v2\/pages"}],"about":[{"href":"https:\/\/sagardeche.fr\/wordpress\/index.php\/wp-json\/wp\/v2\/types\/page"}],"author":[{"embeddable":true,"href":"https:\/\/sagardeche.fr\/wordpress\/index.php\/wp-json\/wp\/v2\/users\/1"}],"replies":[{"embeddable":true,"href":"https:\/\/sagardeche.fr\/wordpress\/index.php\/wp-json\/wp\/v2\/comments?post=1193"}],"version-history":[{"count":1,"href":"https:\/\/sagardeche.fr\/wordpress\/index.php\/wp-json\/wp\/v2\/pages\/1193\/revisions"}],"predecessor-version":[{"id":1195,"href":"https:\/\/sagardeche.fr\/wordpress\/index.php\/wp-json\/wp\/v2\/pages\/1193\/revisions\/1195"}],"wp:attachment":[{"href":"https:\/\/sagardeche.fr\/wordpress\/index.php\/wp-json\/wp\/v2\/media?parent=1193"}],"wp:term":[{"taxonomy":"category","embeddable":true,"href":"https:\/\/sagardeche.fr\/wordpress\/index.php\/wp-json\/wp\/v2\/categories?post=1193"},{"taxonomy":"post_tag","embeddable":true,"href":"https:\/\/sagardeche.fr\/wordpress\/index.php\/wp-json\/wp\/v2\/tags?post=1193"}],"curies":[{"name":"wp","href":"https:\/\/api.w.org\/{rel}","templated":true}]}}